{"id":95,"date":"2013-11-17T19:40:21","date_gmt":"2013-11-17T18:40:21","guid":{"rendered":"http:\/\/johnallemann.ch\/wordpress\/?page_id=95"},"modified":"2020-11-20T17:44:22","modified_gmt":"2020-11-20T16:44:22","slug":"genveve","status":"publish","type":"page","link":"https:\/\/johnallemann.ch\/wordpress\/galleries\/reflets-urbains\/genveve\/","title":{"rendered":"Gen\u00e8ve"},"content":{"rendered":"<p>L\u2019id\u00e9e des reflets de Gen\u00e8ve est n\u00e9e \u00e0 la demande de la galerie Cit\u00e9 du Temps o\u00f9 J.Allemann a montr\u00e9 ses travaux dans une exposition personnelle en d\u00e9cembre 2008. Ses tableaux refl\u00e9taient Berlin, Barcelone, Paris et Venise. Il fallait que Gen\u00e8ve soit repr\u00e9sent\u00e9e, d\u2019o\u00f9 la naissance de 3 toiles sp\u00e9cifiques \u00e0 cette ville magnifique avec 3 lieux mythiques: La cath\u00e9drale St-Pierre, le b\u00e2timent des Forces Motrices ainsi que la Tour du Molard refl\u00e9t\u00e9e dans une vitrine proche.<\/p>\n\n\n<figure class=\"wp-block-gallery columns-3 is-cropped wp-block-gallery-1 is-layout-flex wp-block-gallery-is-layout-flex\"><ul class=\"blocks-gallery-grid\"><li class=\"blocks-gallery-item\"><figure><a href=\"https:\/\/johnallemann.ch\/wordpress\/wp-content\/uploads\/2020\/09\/File19-scaled.jpg\"><img loading=\"lazy\" decoding=\"async\" width=\"723\" height=\"1024\" src=\"https:\/\/johnallemann.ch\/wordpress\/wp-content\/uploads\/2020\/09\/File19-723x1024.jpg\" alt=\"\" data-id=\"509\" data-full-url=\"https:\/\/johnallemann.ch\/wordpress\/wp-content\/uploads\/2020\/09\/File19-scaled.jpg\" data-link=\"http:\/\/johnallemann.ch\/file19\/\" class=\"wp-image-509\" srcset=\"https:\/\/johnallemann.ch\/wordpress\/wp-content\/uploads\/2020\/09\/File19-723x1024.jpg 723w, https:\/\/johnallemann.ch\/wordpress\/wp-content\/uploads\/2020\/09\/File19-212x300.jpg 212w, https:\/\/johnallemann.ch\/wordpress\/wp-content\/uploads\/2020\/09\/File19-768x1088.jpg 768w, https:\/\/johnallemann.ch\/wordpress\/wp-content\/uploads\/2020\/09\/File19-1084x1536.jpg 1084w, https:\/\/johnallemann.ch\/wordpress\/wp-content\/uploads\/2020\/09\/File19-1446x2048.jpg 1446w, https:\/\/johnallemann.ch\/wordpress\/wp-content\/uploads\/2020\/09\/File19-583x826.jpg 583w, https:\/\/johnallemann.ch\/wordpress\/wp-content\/uploads\/2020\/09\/File19-scaled.jpg 1807w\" sizes=\"auto, (max-width: 723px) 100vw, 723px\" \/><\/a><figcaption class=\"blocks-gallery-item__caption\">Gen\u00e8ve, Cath\u00e9drale St-Pierre, huile sur toile, 100x70cm, CHF 4000.-<\/figcaption><\/figure><\/li><li class=\"blocks-gallery-item\"><figure><a href=\"https:\/\/johnallemann.ch\/wordpress\/wp-content\/uploads\/2020\/09\/File20-scaled.jpg\"><img loading=\"lazy\" decoding=\"async\" width=\"710\" height=\"1024\" src=\"https:\/\/johnallemann.ch\/wordpress\/wp-content\/uploads\/2020\/09\/File20-710x1024.jpg\" alt=\"\" data-id=\"510\" data-full-url=\"https:\/\/johnallemann.ch\/wordpress\/wp-content\/uploads\/2020\/09\/File20-scaled.jpg\" data-link=\"http:\/\/johnallemann.ch\/file20\/\" class=\"wp-image-510\" srcset=\"https:\/\/johnallemann.ch\/wordpress\/wp-content\/uploads\/2020\/09\/File20-710x1024.jpg 710w, https:\/\/johnallemann.ch\/wordpress\/wp-content\/uploads\/2020\/09\/File20-208x300.jpg 208w, https:\/\/johnallemann.ch\/wordpress\/wp-content\/uploads\/2020\/09\/File20-768x1107.jpg 768w, https:\/\/johnallemann.ch\/wordpress\/wp-content\/uploads\/2020\/09\/File20-1066x1536.jpg 1066w, https:\/\/johnallemann.ch\/wordpress\/wp-content\/uploads\/2020\/09\/File20-1421x2048.jpg 1421w, https:\/\/johnallemann.ch\/wordpress\/wp-content\/uploads\/2020\/09\/File20-583x840.jpg 583w, https:\/\/johnallemann.ch\/wordpress\/wp-content\/uploads\/2020\/09\/File20-scaled.jpg 1776w\" sizes=\"auto, (max-width: 710px) 100vw, 710px\" \/><\/a><figcaption class=\"blocks-gallery-item__caption\">Gen\u00e8ve, Forces Motrices, huile sur toile, 100x70cm, CHF 4000.-<\/figcaption><\/figure><\/li><li class=\"blocks-gallery-item\"><figure><a href=\"https:\/\/johnallemann.ch\/wordpress\/wp-content\/uploads\/2020\/09\/File21-scaled.jpg\"><img loading=\"lazy\" decoding=\"async\" width=\"817\" height=\"1024\" src=\"https:\/\/johnallemann.ch\/wordpress\/wp-content\/uploads\/2020\/09\/File21-817x1024.jpg\" alt=\"\" data-id=\"508\" data-full-url=\"https:\/\/johnallemann.ch\/wordpress\/wp-content\/uploads\/2020\/09\/File21-scaled.jpg\" data-link=\"http:\/\/johnallemann.ch\/file21\/\" class=\"wp-image-508\" srcset=\"https:\/\/johnallemann.ch\/wordpress\/wp-content\/uploads\/2020\/09\/File21-817x1024.jpg 817w, https:\/\/johnallemann.ch\/wordpress\/wp-content\/uploads\/2020\/09\/File21-239x300.jpg 239w, https:\/\/johnallemann.ch\/wordpress\/wp-content\/uploads\/2020\/09\/File21-768x962.jpg 768w, https:\/\/johnallemann.ch\/wordpress\/wp-content\/uploads\/2020\/09\/File21-1226x1536.jpg 1226w, https:\/\/johnallemann.ch\/wordpress\/wp-content\/uploads\/2020\/09\/File21-1635x2048.jpg 1635w, https:\/\/johnallemann.ch\/wordpress\/wp-content\/uploads\/2020\/09\/File21-583x730.jpg 583w, https:\/\/johnallemann.ch\/wordpress\/wp-content\/uploads\/2020\/09\/File21-scaled.jpg 2044w\" sizes=\"auto, (max-width: 817px) 100vw, 817px\" \/><\/a><figcaption class=\"blocks-gallery-item__caption\">Gen\u00e8ve, Tour du Molard, huile sur toile, 100x80cm, CHF 4400.-<\/figcaption><\/figure><\/li><\/ul><\/figure>\n","protected":false},"excerpt":{"rendered":"<p>L\u2019id\u00e9e des reflets de Gen\u00e8ve est n\u00e9e \u00e0 la demande de la galerie Cit\u00e9 du Temps o\u00f9 J.Allemann a montr\u00e9 ses travaux dans une exposition personnelle en d\u00e9cembre 2008. Ses tableaux refl\u00e9taient Berlin, Barcelone, Paris et Venise. Il fallait que Gen\u00e8ve soit repr\u00e9sent\u00e9e, d\u2019o\u00f9 la naissance de 3 toiles sp\u00e9cifiques \u00e0 cette ville magnifique avec 3 lieux mythiques: La cath\u00e9drale St-Pierre, le b\u00e2timent des Forces Motrices ainsi que la Tour du Molard refl\u00e9t\u00e9e dans une vitrine proche.<\/p>\n","protected":false},"author":1,"featured_media":0,"parent":12,"menu_order":4,"comment_status":"closed","ping_status":"closed","template":"no-sidebar.php","meta":{"footnotes":""},"class_list":["post-95","page","type-page","status-publish","hentry"],"_links":{"self":[{"href":"https:\/\/johnallemann.ch\/wordpress\/wp-json\/wp\/v2\/pages\/95","targetHints":{"allow":["GET"]}}],"collection":[{"href":"https:\/\/johnallemann.ch\/wordpress\/wp-json\/wp\/v2\/pages"}],"about":[{"href":"https:\/\/johnallemann.ch\/wordpress\/wp-json\/wp\/v2\/types\/page"}],"author":[{"embeddable":true,"href":"https:\/\/johnallemann.ch\/wordpress\/wp-json\/wp\/v2\/users\/1"}],"replies":[{"embeddable":true,"href":"https:\/\/johnallemann.ch\/wordpress\/wp-json\/wp\/v2\/comments?post=95"}],"version-history":[{"count":8,"href":"https:\/\/johnallemann.ch\/wordpress\/wp-json\/wp\/v2\/pages\/95\/revisions"}],"predecessor-version":[{"id":839,"href":"https:\/\/johnallemann.ch\/wordpress\/wp-json\/wp\/v2\/pages\/95\/revisions\/839"}],"up":[{"embeddable":true,"href":"https:\/\/johnallemann.ch\/wordpress\/wp-json\/wp\/v2\/pages\/12"}],"wp:attachment":[{"href":"https:\/\/johnallemann.ch\/wordpress\/wp-json\/wp\/v2\/media?parent=95"}],"curies":[{"name":"wp","href":"https:\/\/api.w.org\/{rel}","templated":true}]}}