{"id":92,"date":"2013-11-17T19:39:07","date_gmt":"2013-11-17T18:39:07","guid":{"rendered":"http:\/\/johnallemann.ch\/wordpress\/?page_id=92"},"modified":"2020-11-20T16:06:49","modified_gmt":"2020-11-20T15:06:49","slug":"berlin","status":"publish","type":"page","link":"https:\/\/johnallemann.ch\/wordpress\/galleries\/reflets-urbains\/berlin\/","title":{"rendered":"Berlin"},"content":{"rendered":"<p>L&rsquo;exposition de Art Forum \u00e0 Montreux, du 29 mars au 1er avril 2007, a expos\u00e9 les oeuvres d&rsquo;environ 140 peintres et sculpteurs, dont John Allemann qui a montr\u00e9 ses cr\u00e9ations intitul\u00e9es \u00ab\u00a0Berlin &#8211; Reflets\u00a0\u00bb, une s\u00e9rie d&rsquo;huiles sur toile, consacr\u00e9es au renouveau architectural de la ville. Berlin a inspir\u00e9 le travail de l&rsquo;artiste qui a essay\u00e9 de rendre cette atmosph\u00e8re particuli\u00e8re de ville o\u00f9 culture et architecture sont en perp\u00e9tuel devenir.<\/p>\n\n\n<figure class=\"wp-block-gallery columns-3 is-cropped wp-block-gallery-1 is-layout-flex wp-block-gallery-is-layout-flex\"><ul class=\"blocks-gallery-grid\"><li class=\"blocks-gallery-item\"><figure><a href=\"https:\/\/johnallemann.ch\/wordpress\/wp-content\/uploads\/2020\/09\/Berlin-Reichstag3.jpg\"><img loading=\"lazy\" decoding=\"async\" width=\"1024\" height=\"806\" src=\"https:\/\/johnallemann.ch\/wordpress\/wp-content\/uploads\/2020\/09\/Berlin-Reichstag3-1024x806.jpg\" alt=\"\" data-id=\"519\" data-full-url=\"https:\/\/johnallemann.ch\/wordpress\/wp-content\/uploads\/2020\/09\/Berlin-Reichstag3.jpg\" data-link=\"http:\/\/johnallemann.ch\/berlin-reichstag3\/\" class=\"wp-image-519\" srcset=\"https:\/\/johnallemann.ch\/wordpress\/wp-content\/uploads\/2020\/09\/Berlin-Reichstag3-1024x806.jpg 1024w, https:\/\/johnallemann.ch\/wordpress\/wp-content\/uploads\/2020\/09\/Berlin-Reichstag3-300x236.jpg 300w, https:\/\/johnallemann.ch\/wordpress\/wp-content\/uploads\/2020\/09\/Berlin-Reichstag3-768x605.jpg 768w, https:\/\/johnallemann.ch\/wordpress\/wp-content\/uploads\/2020\/09\/Berlin-Reichstag3-1536x1209.jpg 1536w, https:\/\/johnallemann.ch\/wordpress\/wp-content\/uploads\/2020\/09\/Berlin-Reichstag3-2048x1612.jpg 2048w, https:\/\/johnallemann.ch\/wordpress\/wp-content\/uploads\/2020\/09\/Berlin-Reichstag3-583x459.jpg 583w\" sizes=\"auto, (max-width: 1024px) 100vw, 1024px\" \/><\/a><figcaption class=\"blocks-gallery-item__caption\">Berlin, Reichstag, huile sur toile, 35x50cm. Propri\u00e9t\u00e9 priv\u00e9e.<\/figcaption><\/figure><\/li><li class=\"blocks-gallery-item\"><figure><a href=\"https:\/\/johnallemann.ch\/wordpress\/wp-content\/uploads\/2020\/09\/Berlin-Reichstag2-scaled.jpg\"><img loading=\"lazy\" decoding=\"async\" width=\"1024\" height=\"831\" src=\"https:\/\/johnallemann.ch\/wordpress\/wp-content\/uploads\/2020\/09\/Berlin-Reichstag2-1024x831.jpg\" alt=\"\" data-id=\"518\" data-full-url=\"https:\/\/johnallemann.ch\/wordpress\/wp-content\/uploads\/2020\/09\/Berlin-Reichstag2-scaled.jpg\" data-link=\"http:\/\/johnallemann.ch\/berlin-reichstag2\/\" class=\"wp-image-518\" srcset=\"https:\/\/johnallemann.ch\/wordpress\/wp-content\/uploads\/2020\/09\/Berlin-Reichstag2-1024x831.jpg 1024w, https:\/\/johnallemann.ch\/wordpress\/wp-content\/uploads\/2020\/09\/Berlin-Reichstag2-300x243.jpg 300w, https:\/\/johnallemann.ch\/wordpress\/wp-content\/uploads\/2020\/09\/Berlin-Reichstag2-768x623.jpg 768w, https:\/\/johnallemann.ch\/wordpress\/wp-content\/uploads\/2020\/09\/Berlin-Reichstag2-1536x1247.jpg 1536w, https:\/\/johnallemann.ch\/wordpress\/wp-content\/uploads\/2020\/09\/Berlin-Reichstag2-2048x1662.jpg 2048w, https:\/\/johnallemann.ch\/wordpress\/wp-content\/uploads\/2020\/09\/Berlin-Reichstag2-583x473.jpg 583w\" sizes=\"auto, (max-width: 1024px) 100vw, 1024px\" \/><\/a><figcaption class=\"blocks-gallery-item__caption\">Berlin, Reichstag, huile sur toile, 80x100cm. CHF 4400.-<\/figcaption><\/figure><\/li><li class=\"blocks-gallery-item\"><figure><a href=\"https:\/\/johnallemann.ch\/wordpress\/wp-content\/uploads\/2020\/09\/File5-scaled.jpg\"><img loading=\"lazy\" decoding=\"async\" width=\"1016\" height=\"1024\" src=\"https:\/\/johnallemann.ch\/wordpress\/wp-content\/uploads\/2020\/09\/File5-1016x1024.jpg\" alt=\"\" data-id=\"517\" data-full-url=\"https:\/\/johnallemann.ch\/wordpress\/wp-content\/uploads\/2020\/09\/File5-scaled.jpg\" data-link=\"http:\/\/johnallemann.ch\/file5\/\" class=\"wp-image-517\" srcset=\"https:\/\/johnallemann.ch\/wordpress\/wp-content\/uploads\/2020\/09\/File5-1016x1024.jpg 1016w, https:\/\/johnallemann.ch\/wordpress\/wp-content\/uploads\/2020\/09\/File5-298x300.jpg 298w, https:\/\/johnallemann.ch\/wordpress\/wp-content\/uploads\/2020\/09\/File5-150x150.jpg 150w, https:\/\/johnallemann.ch\/wordpress\/wp-content\/uploads\/2020\/09\/File5-768x774.jpg 768w, https:\/\/johnallemann.ch\/wordpress\/wp-content\/uploads\/2020\/09\/File5-1525x1536.jpg 1525w, https:\/\/johnallemann.ch\/wordpress\/wp-content\/uploads\/2020\/09\/File5-2033x2048.jpg 2033w, https:\/\/johnallemann.ch\/wordpress\/wp-content\/uploads\/2020\/09\/File5-583x587.jpg 583w\" sizes=\"auto, (max-width: 1016px) 100vw, 1016px\" \/><\/a><figcaption class=\"blocks-gallery-item__caption\">Berlin, Reichstag, huile sur toile, 100x100cm. Propri\u00e9t\u00e9 priv\u00e9e.<\/figcaption><\/figure><\/li><li class=\"blocks-gallery-item\"><figure><a href=\"https:\/\/johnallemann.ch\/wordpress\/wp-content\/uploads\/2020\/09\/Anhalterbahnhof2.jpg\"><img loading=\"lazy\" decoding=\"async\" width=\"1024\" height=\"1024\" src=\"https:\/\/johnallemann.ch\/wordpress\/wp-content\/uploads\/2020\/09\/Anhalterbahnhof2-1024x1024.jpg\" alt=\"\" data-id=\"516\" data-full-url=\"https:\/\/johnallemann.ch\/wordpress\/wp-content\/uploads\/2020\/09\/Anhalterbahnhof2.jpg\" data-link=\"http:\/\/johnallemann.ch\/anhalterbahnhof2\/\" class=\"wp-image-516\" srcset=\"https:\/\/johnallemann.ch\/wordpress\/wp-content\/uploads\/2020\/09\/Anhalterbahnhof2-1024x1024.jpg 1024w, https:\/\/johnallemann.ch\/wordpress\/wp-content\/uploads\/2020\/09\/Anhalterbahnhof2-300x300.jpg 300w, https:\/\/johnallemann.ch\/wordpress\/wp-content\/uploads\/2020\/09\/Anhalterbahnhof2-150x150.jpg 150w, https:\/\/johnallemann.ch\/wordpress\/wp-content\/uploads\/2020\/09\/Anhalterbahnhof2-768x767.jpg 768w, https:\/\/johnallemann.ch\/wordpress\/wp-content\/uploads\/2020\/09\/Anhalterbahnhof2-1536x1536.jpg 1536w, https:\/\/johnallemann.ch\/wordpress\/wp-content\/uploads\/2020\/09\/Anhalterbahnhof2-2048x2046.jpg 2048w, https:\/\/johnallemann.ch\/wordpress\/wp-content\/uploads\/2020\/09\/Anhalterbahnhof2-583x582.jpg 583w\" sizes=\"auto, (max-width: 1024px) 100vw, 1024px\" \/><\/a><figcaption class=\"blocks-gallery-item__caption\">Berlin, Anhalterbahnhof, huile sur toile, 80x80cm. CHF 3800.-<\/figcaption><\/figure><\/li><li class=\"blocks-gallery-item\"><figure><a href=\"https:\/\/johnallemann.ch\/wordpress\/wp-content\/uploads\/2020\/09\/Berlin-Reichstag1.jpg\"><img loading=\"lazy\" decoding=\"async\" width=\"1024\" height=\"996\" src=\"https:\/\/johnallemann.ch\/wordpress\/wp-content\/uploads\/2020\/09\/Berlin-Reichstag1-1024x996.jpg\" alt=\"\" data-id=\"515\" data-full-url=\"https:\/\/johnallemann.ch\/wordpress\/wp-content\/uploads\/2020\/09\/Berlin-Reichstag1.jpg\" data-link=\"http:\/\/johnallemann.ch\/berlin-reichstag1\/\" class=\"wp-image-515\" srcset=\"https:\/\/johnallemann.ch\/wordpress\/wp-content\/uploads\/2020\/09\/Berlin-Reichstag1-1024x996.jpg 1024w, https:\/\/johnallemann.ch\/wordpress\/wp-content\/uploads\/2020\/09\/Berlin-Reichstag1-300x292.jpg 300w, https:\/\/johnallemann.ch\/wordpress\/wp-content\/uploads\/2020\/09\/Berlin-Reichstag1-768x747.jpg 768w, https:\/\/johnallemann.ch\/wordpress\/wp-content\/uploads\/2020\/09\/Berlin-Reichstag1-1536x1494.jpg 1536w, https:\/\/johnallemann.ch\/wordpress\/wp-content\/uploads\/2020\/09\/Berlin-Reichstag1-2048x1992.jpg 2048w, https:\/\/johnallemann.ch\/wordpress\/wp-content\/uploads\/2020\/09\/Berlin-Reichstag1-583x567.jpg 583w\" sizes=\"auto, (max-width: 1024px) 100vw, 1024px\" \/><\/a><figcaption class=\"blocks-gallery-item__caption\">Berlin, Reichstag, huile sur toile, 100x100cm. CHF 4900.-<\/figcaption><\/figure><\/li><li class=\"blocks-gallery-item\"><figure><a href=\"https:\/\/johnallemann.ch\/wordpress\/wp-content\/uploads\/2020\/09\/Berlin-Sony-Center-2.jpg\"><img loading=\"lazy\" decoding=\"async\" width=\"677\" height=\"1024\" src=\"https:\/\/johnallemann.ch\/wordpress\/wp-content\/uploads\/2020\/09\/Berlin-Sony-Center-2-677x1024.jpg\" alt=\"\" data-id=\"514\" data-full-url=\"https:\/\/johnallemann.ch\/wordpress\/wp-content\/uploads\/2020\/09\/Berlin-Sony-Center-2.jpg\" data-link=\"http:\/\/johnallemann.ch\/berlin-sony-center-2\/\" class=\"wp-image-514\" srcset=\"https:\/\/johnallemann.ch\/wordpress\/wp-content\/uploads\/2020\/09\/Berlin-Sony-Center-2-677x1024.jpg 677w, https:\/\/johnallemann.ch\/wordpress\/wp-content\/uploads\/2020\/09\/Berlin-Sony-Center-2-198x300.jpg 198w, https:\/\/johnallemann.ch\/wordpress\/wp-content\/uploads\/2020\/09\/Berlin-Sony-Center-2-768x1161.jpg 768w, https:\/\/johnallemann.ch\/wordpress\/wp-content\/uploads\/2020\/09\/Berlin-Sony-Center-2-1016x1536.jpg 1016w, https:\/\/johnallemann.ch\/wordpress\/wp-content\/uploads\/2020\/09\/Berlin-Sony-Center-2-1355x2048.jpg 1355w, https:\/\/johnallemann.ch\/wordpress\/wp-content\/uploads\/2020\/09\/Berlin-Sony-Center-2-583x881.jpg 583w, https:\/\/johnallemann.ch\/wordpress\/wp-content\/uploads\/2020\/09\/Berlin-Sony-Center-2.jpg 1548w\" sizes=\"auto, (max-width: 677px) 100vw, 677px\" \/><\/a><figcaption class=\"blocks-gallery-item__caption\">Berlin, Sony Center, huile sur toile, 60x40cm. Propri\u00e9t\u00e9 priv\u00e9e.<\/figcaption><\/figure><\/li><li class=\"blocks-gallery-item\"><figure><a href=\"https:\/\/johnallemann.ch\/wordpress\/wp-content\/uploads\/2020\/09\/Parlement.jpg\"><img loading=\"lazy\" decoding=\"async\" width=\"1024\" height=\"1019\" src=\"https:\/\/johnallemann.ch\/wordpress\/wp-content\/uploads\/2020\/09\/Parlement-1024x1019.jpg\" alt=\"\" data-id=\"513\" data-full-url=\"https:\/\/johnallemann.ch\/wordpress\/wp-content\/uploads\/2020\/09\/Parlement.jpg\" data-link=\"http:\/\/johnallemann.ch\/parlement\/\" class=\"wp-image-513\" srcset=\"https:\/\/johnallemann.ch\/wordpress\/wp-content\/uploads\/2020\/09\/Parlement-1024x1019.jpg 1024w, https:\/\/johnallemann.ch\/wordpress\/wp-content\/uploads\/2020\/09\/Parlement-300x300.jpg 300w, https:\/\/johnallemann.ch\/wordpress\/wp-content\/uploads\/2020\/09\/Parlement-150x150.jpg 150w, https:\/\/johnallemann.ch\/wordpress\/wp-content\/uploads\/2020\/09\/Parlement-768x764.jpg 768w, https:\/\/johnallemann.ch\/wordpress\/wp-content\/uploads\/2020\/09\/Parlement-1536x1528.jpg 1536w, https:\/\/johnallemann.ch\/wordpress\/wp-content\/uploads\/2020\/09\/Parlement-583x580.jpg 583w, https:\/\/johnallemann.ch\/wordpress\/wp-content\/uploads\/2020\/09\/Parlement.jpg 1632w\" sizes=\"auto, (max-width: 1024px) 100vw, 1024px\" \/><\/a><figcaption class=\"blocks-gallery-item__caption\">Berlin, le Parlement, huile sur toile, 80x80cm, CHF 3800.- <\/figcaption><\/figure><\/li><li class=\"blocks-gallery-item\"><figure><a href=\"https:\/\/johnallemann.ch\/wordpress\/wp-content\/uploads\/2020\/09\/Berlin-Bundeskanzlei1.jpg\"><img loading=\"lazy\" decoding=\"async\" width=\"745\" height=\"1024\" src=\"https:\/\/johnallemann.ch\/wordpress\/wp-content\/uploads\/2020\/09\/Berlin-Bundeskanzlei1-745x1024.jpg\" alt=\"\" data-id=\"512\" data-full-url=\"https:\/\/johnallemann.ch\/wordpress\/wp-content\/uploads\/2020\/09\/Berlin-Bundeskanzlei1.jpg\" data-link=\"http:\/\/johnallemann.ch\/berlin-bundeskanzlei1\/\" class=\"wp-image-512\" srcset=\"https:\/\/johnallemann.ch\/wordpress\/wp-content\/uploads\/2020\/09\/Berlin-Bundeskanzlei1-745x1024.jpg 745w, https:\/\/johnallemann.ch\/wordpress\/wp-content\/uploads\/2020\/09\/Berlin-Bundeskanzlei1-218x300.jpg 218w, https:\/\/johnallemann.ch\/wordpress\/wp-content\/uploads\/2020\/09\/Berlin-Bundeskanzlei1-768x1055.jpg 768w, https:\/\/johnallemann.ch\/wordpress\/wp-content\/uploads\/2020\/09\/Berlin-Bundeskanzlei1-1118x1536.jpg 1118w, https:\/\/johnallemann.ch\/wordpress\/wp-content\/uploads\/2020\/09\/Berlin-Bundeskanzlei1-1490x2048.jpg 1490w, https:\/\/johnallemann.ch\/wordpress\/wp-content\/uploads\/2020\/09\/Berlin-Bundeskanzlei1-583x801.jpg 583w, https:\/\/johnallemann.ch\/wordpress\/wp-content\/uploads\/2020\/09\/Berlin-Bundeskanzlei1.jpg 1860w\" sizes=\"auto, (max-width: 745px) 100vw, 745px\" \/><\/a><figcaption class=\"blocks-gallery-item__caption\">Berlin, le Parlement, huile sur toile, 80x110cm, CHF 4000.-<\/figcaption><\/figure><\/li><li class=\"blocks-gallery-item\"><figure><a href=\"https:\/\/johnallemann.ch\/wordpress\/wp-content\/uploads\/2020\/09\/Berlin-Sony-Center-1petit.jpg\"><img loading=\"lazy\" decoding=\"async\" width=\"740\" height=\"1024\" src=\"https:\/\/johnallemann.ch\/wordpress\/wp-content\/uploads\/2020\/09\/Berlin-Sony-Center-1petit-740x1024.jpg\" alt=\"\" data-id=\"511\" data-full-url=\"https:\/\/johnallemann.ch\/wordpress\/wp-content\/uploads\/2020\/09\/Berlin-Sony-Center-1petit.jpg\" data-link=\"http:\/\/johnallemann.ch\/berlin-sony-center-1petit\/\" class=\"wp-image-511\" srcset=\"https:\/\/johnallemann.ch\/wordpress\/wp-content\/uploads\/2020\/09\/Berlin-Sony-Center-1petit-740x1024.jpg 740w, https:\/\/johnallemann.ch\/wordpress\/wp-content\/uploads\/2020\/09\/Berlin-Sony-Center-1petit-217x300.jpg 217w, https:\/\/johnallemann.ch\/wordpress\/wp-content\/uploads\/2020\/09\/Berlin-Sony-Center-1petit-768x1062.jpg 768w, https:\/\/johnallemann.ch\/wordpress\/wp-content\/uploads\/2020\/09\/Berlin-Sony-Center-1petit-1111x1536.jpg 1111w, https:\/\/johnallemann.ch\/wordpress\/wp-content\/uploads\/2020\/09\/Berlin-Sony-Center-1petit-583x806.jpg 583w, https:\/\/johnallemann.ch\/wordpress\/wp-content\/uploads\/2020\/09\/Berlin-Sony-Center-1petit.jpg 1196w\" sizes=\"auto, (max-width: 740px) 100vw, 740px\" \/><\/a><figcaption class=\"blocks-gallery-item__caption\">Berlin, Sony Center, huile sur toile, 70x50cm. Propri\u00e9t\u00e9 priv\u00e9e.<\/figcaption><\/figure><\/li><\/ul><\/figure>\n","protected":false},"excerpt":{"rendered":"<p>L&rsquo;exposition de Art Forum \u00e0 Montreux, du 29 mars au 1er avril 2007, a expos\u00e9 les oeuvres d&rsquo;environ 140 peintres et sculpteurs, dont John Allemann qui a montr\u00e9 ses cr\u00e9ations intitul\u00e9es \u00ab\u00a0Berlin &#8211; Reflets\u00a0\u00bb, une s\u00e9rie d&rsquo;huiles sur toile, consacr\u00e9es au renouveau architectural de la ville. Berlin a inspir\u00e9 le travail de l&rsquo;artiste qui a essay\u00e9 de rendre cette atmosph\u00e8re particuli\u00e8re de ville o\u00f9 culture et architecture sont en perp\u00e9tuel devenir.<\/p>\n","protected":false},"author":1,"featured_media":0,"parent":12,"menu_order":0,"comment_status":"closed","ping_status":"closed","template":"no-sidebar.php","meta":{"footnotes":""},"class_list":["post-92","page","type-page","status-publish","hentry"],"_links":{"self":[{"href":"https:\/\/johnallemann.ch\/wordpress\/wp-json\/wp\/v2\/pages\/92","targetHints":{"allow":["GET"]}}],"collection":[{"href":"https:\/\/johnallemann.ch\/wordpress\/wp-json\/wp\/v2\/pages"}],"about":[{"href":"https:\/\/johnallemann.ch\/wordpress\/wp-json\/wp\/v2\/types\/page"}],"author":[{"embeddable":true,"href":"https:\/\/johnallemann.ch\/wordpress\/wp-json\/wp\/v2\/users\/1"}],"replies":[{"embeddable":true,"href":"https:\/\/johnallemann.ch\/wordpress\/wp-json\/wp\/v2\/comments?post=92"}],"version-history":[{"count":10,"href":"https:\/\/johnallemann.ch\/wordpress\/wp-json\/wp\/v2\/pages\/92\/revisions"}],"predecessor-version":[{"id":832,"href":"https:\/\/johnallemann.ch\/wordpress\/wp-json\/wp\/v2\/pages\/92\/revisions\/832"}],"up":[{"embeddable":true,"href":"https:\/\/johnallemann.ch\/wordpress\/wp-json\/wp\/v2\/pages\/12"}],"wp:attachment":[{"href":"https:\/\/johnallemann.ch\/wordpress\/wp-json\/wp\/v2\/media?parent=92"}],"curies":[{"name":"wp","href":"https:\/\/api.w.org\/{rel}","templated":true}]}}