{"id":89,"date":"2013-11-17T19:35:45","date_gmt":"2013-11-17T18:35:45","guid":{"rendered":"http:\/\/johnallemann.ch\/wordpress\/?page_id=89"},"modified":"2020-11-11T19:05:19","modified_gmt":"2020-11-11T18:05:19","slug":"paris","status":"publish","type":"page","link":"https:\/\/johnallemann.ch\/wordpress\/galleries\/reflets-urbains\/paris\/","title":{"rendered":"Paris"},"content":{"rendered":"<p>Les p\u00f4les d&rsquo;int\u00e9r\u00eat parisiens choisis par Allemann sont g\u00e9ographiquement \u00e0 l&rsquo;oppos\u00e9. Ils sont fascinants par leurs r\u00e9flexions vitr\u00e9es: il s&rsquo;agit de la Villette \u00e0 l&rsquo;est et la D\u00e9fense \u00e0 l&rsquo;ouest.<\/p>\n\n\n<figure class=\"wp-block-gallery columns-3 is-cropped wp-block-gallery-1 is-layout-flex wp-block-gallery-is-layout-flex\"><ul class=\"blocks-gallery-grid\"><li class=\"blocks-gallery-item\"><figure><a href=\"https:\/\/johnallemann.ch\/wordpress\/wp-content\/uploads\/2020\/09\/Paris-9e.jpg\"><img loading=\"lazy\" decoding=\"async\" width=\"1024\" height=\"1009\" src=\"https:\/\/johnallemann.ch\/wordpress\/wp-content\/uploads\/2020\/09\/Paris-9e-1024x1009.jpg\" alt=\"\" data-id=\"555\" data-full-url=\"https:\/\/johnallemann.ch\/wordpress\/wp-content\/uploads\/2020\/09\/Paris-9e.jpg\" data-link=\"http:\/\/johnallemann.ch\/paris-9e\/\" class=\"wp-image-555\" srcset=\"https:\/\/johnallemann.ch\/wordpress\/wp-content\/uploads\/2020\/09\/Paris-9e-1024x1009.jpg 1024w, https:\/\/johnallemann.ch\/wordpress\/wp-content\/uploads\/2020\/09\/Paris-9e-300x296.jpg 300w, https:\/\/johnallemann.ch\/wordpress\/wp-content\/uploads\/2020\/09\/Paris-9e-768x757.jpg 768w, https:\/\/johnallemann.ch\/wordpress\/wp-content\/uploads\/2020\/09\/Paris-9e-1536x1514.jpg 1536w, https:\/\/johnallemann.ch\/wordpress\/wp-content\/uploads\/2020\/09\/Paris-9e-2048x2018.jpg 2048w, https:\/\/johnallemann.ch\/wordpress\/wp-content\/uploads\/2020\/09\/Paris-9e-583x575.jpg 583w\" sizes=\"auto, (max-width: 1024px) 100vw, 1024px\" \/><\/a><figcaption class=\"blocks-gallery-item__caption\">Paris, 9\u00e8me, huile sur toile, 80x80cm. Vendu<\/figcaption><\/figure><\/li><li class=\"blocks-gallery-item\"><figure><a href=\"https:\/\/johnallemann.ch\/wordpress\/wp-content\/uploads\/2020\/09\/Grutopia07-Paris-Defense.jpg\"><img loading=\"lazy\" decoding=\"async\" width=\"1021\" height=\"1024\" src=\"https:\/\/johnallemann.ch\/wordpress\/wp-content\/uploads\/2020\/09\/Grutopia07-Paris-Defense-1021x1024.jpg\" alt=\"\" data-id=\"556\" data-full-url=\"https:\/\/johnallemann.ch\/wordpress\/wp-content\/uploads\/2020\/09\/Grutopia07-Paris-Defense.jpg\" data-link=\"http:\/\/johnallemann.ch\/grutopia07-paris-defense\/\" class=\"wp-image-556\" srcset=\"https:\/\/johnallemann.ch\/wordpress\/wp-content\/uploads\/2020\/09\/Grutopia07-Paris-Defense-1021x1024.jpg 1021w, https:\/\/johnallemann.ch\/wordpress\/wp-content\/uploads\/2020\/09\/Grutopia07-Paris-Defense-300x300.jpg 300w, https:\/\/johnallemann.ch\/wordpress\/wp-content\/uploads\/2020\/09\/Grutopia07-Paris-Defense-150x150.jpg 150w, https:\/\/johnallemann.ch\/wordpress\/wp-content\/uploads\/2020\/09\/Grutopia07-Paris-Defense-768x770.jpg 768w, https:\/\/johnallemann.ch\/wordpress\/wp-content\/uploads\/2020\/09\/Grutopia07-Paris-Defense-1532x1536.jpg 1532w, https:\/\/johnallemann.ch\/wordpress\/wp-content\/uploads\/2020\/09\/Grutopia07-Paris-Defense-2042x2048.jpg 2042w, https:\/\/johnallemann.ch\/wordpress\/wp-content\/uploads\/2020\/09\/Grutopia07-Paris-Defense-583x585.jpg 583w\" sizes=\"auto, (max-width: 1021px) 100vw, 1021px\" \/><\/a><figcaption class=\"blocks-gallery-item__caption\">Paris, la D\u00e9fense, huile sur toile, 80x80cm. CHF 3800.-<\/figcaption><\/figure><\/li><li class=\"blocks-gallery-item\"><figure><a href=\"https:\/\/johnallemann.ch\/wordpress\/wp-content\/uploads\/2020\/09\/Paris-Villette-01-scaled.jpg\"><img loading=\"lazy\" decoding=\"async\" width=\"1024\" height=\"806\" src=\"https:\/\/johnallemann.ch\/wordpress\/wp-content\/uploads\/2020\/09\/Paris-Villette-01-1024x806.jpg\" alt=\"\" data-id=\"551\" data-full-url=\"https:\/\/johnallemann.ch\/wordpress\/wp-content\/uploads\/2020\/09\/Paris-Villette-01-scaled.jpg\" data-link=\"http:\/\/johnallemann.ch\/paris-villette-01\/\" class=\"wp-image-551\" srcset=\"https:\/\/johnallemann.ch\/wordpress\/wp-content\/uploads\/2020\/09\/Paris-Villette-01-1024x806.jpg 1024w, https:\/\/johnallemann.ch\/wordpress\/wp-content\/uploads\/2020\/09\/Paris-Villette-01-300x236.jpg 300w, https:\/\/johnallemann.ch\/wordpress\/wp-content\/uploads\/2020\/09\/Paris-Villette-01-768x605.jpg 768w, https:\/\/johnallemann.ch\/wordpress\/wp-content\/uploads\/2020\/09\/Paris-Villette-01-1536x1209.jpg 1536w, https:\/\/johnallemann.ch\/wordpress\/wp-content\/uploads\/2020\/09\/Paris-Villette-01-2048x1613.jpg 2048w, https:\/\/johnallemann.ch\/wordpress\/wp-content\/uploads\/2020\/09\/Paris-Villette-01-583x459.jpg 583w\" sizes=\"auto, (max-width: 1024px) 100vw, 1024px\" \/><\/a><figcaption class=\"blocks-gallery-item__caption\">Paris, la Vilette 1, huile sur toile, 80x100cm. CHF 4400.-<\/figcaption><\/figure><\/li><li class=\"blocks-gallery-item\"><figure><a href=\"https:\/\/johnallemann.ch\/wordpress\/wp-content\/uploads\/2020\/09\/File16.jpg\"><img loading=\"lazy\" decoding=\"async\" width=\"833\" height=\"1024\" src=\"https:\/\/johnallemann.ch\/wordpress\/wp-content\/uploads\/2020\/09\/File16-833x1024.jpg\" alt=\"\" data-id=\"550\" data-full-url=\"https:\/\/johnallemann.ch\/wordpress\/wp-content\/uploads\/2020\/09\/File16.jpg\" data-link=\"http:\/\/johnallemann.ch\/file16\/\" class=\"wp-image-550\" srcset=\"https:\/\/johnallemann.ch\/wordpress\/wp-content\/uploads\/2020\/09\/File16-833x1024.jpg 833w, https:\/\/johnallemann.ch\/wordpress\/wp-content\/uploads\/2020\/09\/File16-244x300.jpg 244w, https:\/\/johnallemann.ch\/wordpress\/wp-content\/uploads\/2020\/09\/File16-768x944.jpg 768w, https:\/\/johnallemann.ch\/wordpress\/wp-content\/uploads\/2020\/09\/File16-1250x1536.jpg 1250w, https:\/\/johnallemann.ch\/wordpress\/wp-content\/uploads\/2020\/09\/File16-1667x2048.jpg 1667w, https:\/\/johnallemann.ch\/wordpress\/wp-content\/uploads\/2020\/09\/File16-583x716.jpg 583w, https:\/\/johnallemann.ch\/wordpress\/wp-content\/uploads\/2020\/09\/File16.jpg 1923w\" sizes=\"auto, (max-width: 833px) 100vw, 833px\" \/><\/a><figcaption class=\"blocks-gallery-item__caption\">Paris, la G\u00e9ode 1, huile sur toile, 120x150cm. CHF 6800.-<\/figcaption><\/figure><\/li><li class=\"blocks-gallery-item\"><figure><a href=\"https:\/\/johnallemann.ch\/wordpress\/wp-content\/uploads\/2020\/09\/File15-scaled.jpg\"><img loading=\"lazy\" decoding=\"async\" width=\"811\" height=\"1024\" src=\"https:\/\/johnallemann.ch\/wordpress\/wp-content\/uploads\/2020\/09\/File15-811x1024.jpg\" alt=\"\" data-id=\"549\" data-full-url=\"https:\/\/johnallemann.ch\/wordpress\/wp-content\/uploads\/2020\/09\/File15-scaled.jpg\" data-link=\"http:\/\/johnallemann.ch\/file15\/\" class=\"wp-image-549\" srcset=\"https:\/\/johnallemann.ch\/wordpress\/wp-content\/uploads\/2020\/09\/File15-811x1024.jpg 811w, https:\/\/johnallemann.ch\/wordpress\/wp-content\/uploads\/2020\/09\/File15-238x300.jpg 238w, https:\/\/johnallemann.ch\/wordpress\/wp-content\/uploads\/2020\/09\/File15-768x969.jpg 768w, https:\/\/johnallemann.ch\/wordpress\/wp-content\/uploads\/2020\/09\/File15-1217x1536.jpg 1217w, https:\/\/johnallemann.ch\/wordpress\/wp-content\/uploads\/2020\/09\/File15-1623x2048.jpg 1623w, https:\/\/johnallemann.ch\/wordpress\/wp-content\/uploads\/2020\/09\/File15-583x736.jpg 583w, https:\/\/johnallemann.ch\/wordpress\/wp-content\/uploads\/2020\/09\/File15-scaled.jpg 2029w\" sizes=\"auto, (max-width: 811px) 100vw, 811px\" \/><\/a><figcaption class=\"blocks-gallery-item__caption\">Paris, la G\u00e9ode 2, huile sur toile, 120x150cm. CHF 6800.-<\/figcaption><\/figure><\/li><li class=\"blocks-gallery-item\"><figure><a href=\"https:\/\/johnallemann.ch\/wordpress\/wp-content\/uploads\/2020\/09\/Paris-Villette-04.jpg\"><img loading=\"lazy\" decoding=\"async\" width=\"758\" height=\"1024\" src=\"https:\/\/johnallemann.ch\/wordpress\/wp-content\/uploads\/2020\/09\/Paris-Villette-04-758x1024.jpg\" alt=\"\" data-id=\"553\" data-full-url=\"https:\/\/johnallemann.ch\/wordpress\/wp-content\/uploads\/2020\/09\/Paris-Villette-04.jpg\" data-link=\"http:\/\/johnallemann.ch\/paris-villette-04\/\" class=\"wp-image-553\" srcset=\"https:\/\/johnallemann.ch\/wordpress\/wp-content\/uploads\/2020\/09\/Paris-Villette-04-758x1024.jpg 758w, https:\/\/johnallemann.ch\/wordpress\/wp-content\/uploads\/2020\/09\/Paris-Villette-04-222x300.jpg 222w, https:\/\/johnallemann.ch\/wordpress\/wp-content\/uploads\/2020\/09\/Paris-Villette-04-768x1038.jpg 768w, https:\/\/johnallemann.ch\/wordpress\/wp-content\/uploads\/2020\/09\/Paris-Villette-04-1136x1536.jpg 1136w, https:\/\/johnallemann.ch\/wordpress\/wp-content\/uploads\/2020\/09\/Paris-Villette-04-1515x2048.jpg 1515w, https:\/\/johnallemann.ch\/wordpress\/wp-content\/uploads\/2020\/09\/Paris-Villette-04-583x788.jpg 583w, https:\/\/johnallemann.ch\/wordpress\/wp-content\/uploads\/2020\/09\/Paris-Villette-04.jpg 1891w\" sizes=\"auto, (max-width: 758px) 100vw, 758px\" \/><\/a><figcaption class=\"blocks-gallery-item__caption\">Paris, la Vilette 2, huile sur toile, 33x24cm. Collection priv\u00e9e<\/figcaption><\/figure><\/li><li class=\"blocks-gallery-item\"><figure><a href=\"https:\/\/johnallemann.ch\/wordpress\/wp-content\/uploads\/2020\/09\/Paris-Villette-03.jpg\"><img loading=\"lazy\" decoding=\"async\" width=\"1024\" height=\"1008\" src=\"https:\/\/johnallemann.ch\/wordpress\/wp-content\/uploads\/2020\/09\/Paris-Villette-03-1024x1008.jpg\" alt=\"\" data-id=\"552\" data-full-url=\"https:\/\/johnallemann.ch\/wordpress\/wp-content\/uploads\/2020\/09\/Paris-Villette-03.jpg\" data-link=\"http:\/\/johnallemann.ch\/paris-villette-03\/\" class=\"wp-image-552\" srcset=\"https:\/\/johnallemann.ch\/wordpress\/wp-content\/uploads\/2020\/09\/Paris-Villette-03-1024x1008.jpg 1024w, https:\/\/johnallemann.ch\/wordpress\/wp-content\/uploads\/2020\/09\/Paris-Villette-03-300x295.jpg 300w, https:\/\/johnallemann.ch\/wordpress\/wp-content\/uploads\/2020\/09\/Paris-Villette-03-768x756.jpg 768w, https:\/\/johnallemann.ch\/wordpress\/wp-content\/uploads\/2020\/09\/Paris-Villette-03-1536x1511.jpg 1536w, https:\/\/johnallemann.ch\/wordpress\/wp-content\/uploads\/2020\/09\/Paris-Villette-03-2048x2015.jpg 2048w, https:\/\/johnallemann.ch\/wordpress\/wp-content\/uploads\/2020\/09\/Paris-Villette-03-583x574.jpg 583w\" sizes=\"auto, (max-width: 1024px) 100vw, 1024px\" \/><\/a><figcaption class=\"blocks-gallery-item__caption\">Paris, la Vilette 3, huile sur toile, 100x100cm. CHF 4900.-<\/figcaption><\/figure><\/li><li class=\"blocks-gallery-item\"><figure><a href=\"https:\/\/johnallemann.ch\/wordpress\/wp-content\/uploads\/2020\/09\/Paris-Defense-01-scaled.jpg\"><img loading=\"lazy\" decoding=\"async\" width=\"1024\" height=\"842\" src=\"https:\/\/johnallemann.ch\/wordpress\/wp-content\/uploads\/2020\/09\/Paris-Defense-01-1024x842.jpg\" alt=\"\" data-id=\"548\" data-full-url=\"https:\/\/johnallemann.ch\/wordpress\/wp-content\/uploads\/2020\/09\/Paris-Defense-01-scaled.jpg\" data-link=\"http:\/\/johnallemann.ch\/paris-defense-01\/\" class=\"wp-image-548\" srcset=\"https:\/\/johnallemann.ch\/wordpress\/wp-content\/uploads\/2020\/09\/Paris-Defense-01-1024x842.jpg 1024w, https:\/\/johnallemann.ch\/wordpress\/wp-content\/uploads\/2020\/09\/Paris-Defense-01-300x247.jpg 300w, https:\/\/johnallemann.ch\/wordpress\/wp-content\/uploads\/2020\/09\/Paris-Defense-01-768x632.jpg 768w, https:\/\/johnallemann.ch\/wordpress\/wp-content\/uploads\/2020\/09\/Paris-Defense-01-1536x1263.jpg 1536w, https:\/\/johnallemann.ch\/wordpress\/wp-content\/uploads\/2020\/09\/Paris-Defense-01-2048x1685.jpg 2048w, https:\/\/johnallemann.ch\/wordpress\/wp-content\/uploads\/2020\/09\/Paris-Defense-01-583x480.jpg 583w\" sizes=\"auto, (max-width: 1024px) 100vw, 1024px\" \/><\/a><figcaption class=\"blocks-gallery-item__caption\">Paris, la D\u00e9fense, huile sur toile, 80x100cm. CHF 4400.-<\/figcaption><\/figure><\/li><\/ul><\/figure>\n\n\n\n<figure class=\"wp-block-gallery columns-1 is-cropped wp-block-gallery-2 is-layout-flex wp-block-gallery-is-layout-flex\"><ul class=\"blocks-gallery-grid\"><li class=\"blocks-gallery-item\"><figure><img loading=\"lazy\" decoding=\"async\" width=\"1016\" height=\"1024\" src=\"https:\/\/johnallemann.ch\/wordpress\/wp-content\/uploads\/2020\/11\/File5-1016x1024.jpg\" alt=\"\" data-id=\"779\" data-full-url=\"https:\/\/johnallemann.ch\/wordpress\/wp-content\/uploads\/2020\/11\/File5-scaled.jpg\" data-link=\"http:\/\/johnallemann.ch\/galleries\/reflets-urbains\/paris\/file5-2\/#main\" class=\"wp-image-779\" srcset=\"https:\/\/johnallemann.ch\/wordpress\/wp-content\/uploads\/2020\/11\/File5-1016x1024.jpg 1016w, https:\/\/johnallemann.ch\/wordpress\/wp-content\/uploads\/2020\/11\/File5-298x300.jpg 298w, https:\/\/johnallemann.ch\/wordpress\/wp-content\/uploads\/2020\/11\/File5-150x150.jpg 150w, https:\/\/johnallemann.ch\/wordpress\/wp-content\/uploads\/2020\/11\/File5-768x774.jpg 768w, https:\/\/johnallemann.ch\/wordpress\/wp-content\/uploads\/2020\/11\/File5-1525x1536.jpg 1525w, https:\/\/johnallemann.ch\/wordpress\/wp-content\/uploads\/2020\/11\/File5-2033x2048.jpg 2033w\" sizes=\"auto, (max-width: 1016px) 100vw, 1016px\" \/><figcaption class=\"blocks-gallery-item__caption\">Paris, la Vilette, huile sur toile, 100x100cm. CHF 4900.-<\/figcaption><\/figure><\/li><\/ul><\/figure>\n","protected":false},"excerpt":{"rendered":"<p>Les p\u00f4les d&rsquo;int\u00e9r\u00eat parisiens choisis par Allemann sont g\u00e9ographiquement \u00e0 l&rsquo;oppos\u00e9. Ils sont fascinants par leurs r\u00e9flexions vitr\u00e9es: il s&rsquo;agit de la Villette \u00e0 l&rsquo;est et la D\u00e9fense \u00e0 l&rsquo;ouest.<\/p>\n","protected":false},"author":1,"featured_media":0,"parent":12,"menu_order":2,"comment_status":"closed","ping_status":"closed","template":"no-sidebar.php","meta":{"footnotes":""},"class_list":["post-89","page","type-page","status-publish","hentry"],"_links":{"self":[{"href":"https:\/\/johnallemann.ch\/wordpress\/wp-json\/wp\/v2\/pages\/89","targetHints":{"allow":["GET"]}}],"collection":[{"href":"https:\/\/johnallemann.ch\/wordpress\/wp-json\/wp\/v2\/pages"}],"about":[{"href":"https:\/\/johnallemann.ch\/wordpress\/wp-json\/wp\/v2\/types\/page"}],"author":[{"embeddable":true,"href":"https:\/\/johnallemann.ch\/wordpress\/wp-json\/wp\/v2\/users\/1"}],"replies":[{"embeddable":true,"href":"https:\/\/johnallemann.ch\/wordpress\/wp-json\/wp\/v2\/comments?post=89"}],"version-history":[{"count":6,"href":"https:\/\/johnallemann.ch\/wordpress\/wp-json\/wp\/v2\/pages\/89\/revisions"}],"predecessor-version":[{"id":781,"href":"https:\/\/johnallemann.ch\/wordpress\/wp-json\/wp\/v2\/pages\/89\/revisions\/781"}],"up":[{"embeddable":true,"href":"https:\/\/johnallemann.ch\/wordpress\/wp-json\/wp\/v2\/pages\/12"}],"wp:attachment":[{"href":"https:\/\/johnallemann.ch\/wordpress\/wp-json\/wp\/v2\/media?parent=89"}],"curies":[{"name":"wp","href":"https:\/\/api.w.org\/{rel}","templated":true}]}}