{"id":86,"date":"2013-11-17T19:34:21","date_gmt":"2013-11-17T18:34:21","guid":{"rendered":"http:\/\/johnallemann.ch\/wordpress\/?page_id=86"},"modified":"2020-11-11T20:44:24","modified_gmt":"2020-11-11T19:44:24","slug":"barcelona","status":"publish","type":"page","link":"https:\/\/johnallemann.ch\/wordpress\/galleries\/reflets-urbains\/barcelona\/","title":{"rendered":"Barcelona"},"content":{"rendered":"<p>Les premi\u00e8res \u00ab\u00a0Barcelone\u00a0\u00bb ont \u00e9t\u00e9 expos\u00e9es au \u00ab\u00a0Salon des Artistes Contemporains\u00a0\u00bb \u00e0 Gen\u00e8ve, en novembre 2007. Parties de la m\u00eame inspiration que \u00ab\u00a0Berlin\u00a0\u00bb et ses reflets urbains, ces huiles sur toile traduisent une lumi\u00e8re toute hyspanique, en visitant quelques chef-d&rsquo;oeuvres de Gaudi pour revenir \u00e0 l&rsquo;\u00e9poque contemporaine avec des reflets du mus\u00e9e Miro, des ramblas ou encore du nouveau port de Barcelone. La suite de la s\u00e9rie a \u00e9t\u00e9 expos\u00e9e en septembre 2008 \u00e0 la galerie \u00ab\u00a0En Beauregard\u00a0\u00bb \u00e0 Blonay.<\/p>\n\n\n<figure class=\"wp-block-gallery columns-3 is-cropped wp-block-gallery-1 is-layout-flex wp-block-gallery-is-layout-flex\"><ul class=\"blocks-gallery-grid\"><li class=\"blocks-gallery-item\"><figure><a href=\"https:\/\/johnallemann.ch\/wordpress\/wp-content\/uploads\/2020\/09\/Barcelona-15.jpg\"><img loading=\"lazy\" decoding=\"async\" width=\"1022\" height=\"1024\" src=\"https:\/\/johnallemann.ch\/wordpress\/wp-content\/uploads\/2020\/09\/Barcelona-15-1022x1024.jpg\" alt=\"\" data-id=\"544\" data-full-url=\"https:\/\/johnallemann.ch\/wordpress\/wp-content\/uploads\/2020\/09\/Barcelona-15.jpg\" data-link=\"http:\/\/johnallemann.ch\/barcelona-15\/\" class=\"wp-image-544\" srcset=\"https:\/\/johnallemann.ch\/wordpress\/wp-content\/uploads\/2020\/09\/Barcelona-15-1022x1024.jpg 1022w, https:\/\/johnallemann.ch\/wordpress\/wp-content\/uploads\/2020\/09\/Barcelona-15-300x300.jpg 300w, https:\/\/johnallemann.ch\/wordpress\/wp-content\/uploads\/2020\/09\/Barcelona-15-150x150.jpg 150w, https:\/\/johnallemann.ch\/wordpress\/wp-content\/uploads\/2020\/09\/Barcelona-15-768x769.jpg 768w, https:\/\/johnallemann.ch\/wordpress\/wp-content\/uploads\/2020\/09\/Barcelona-15-1533x1536.jpg 1533w, https:\/\/johnallemann.ch\/wordpress\/wp-content\/uploads\/2020\/09\/Barcelona-15-2044x2048.jpg 2044w, https:\/\/johnallemann.ch\/wordpress\/wp-content\/uploads\/2020\/09\/Barcelona-15-583x584.jpg 583w\" sizes=\"auto, (max-width: 1022px) 100vw, 1022px\" \/><\/a><figcaption class=\"blocks-gallery-item__caption\">Barcelona, La Tour Akbar 2, huile\/acryl sur toile, 80x80cm, CHF 3800.-<\/figcaption><\/figure><\/li><li class=\"blocks-gallery-item\"><figure><a href=\"https:\/\/johnallemann.ch\/wordpress\/wp-content\/uploads\/2020\/09\/Barcelona-14.jpg\"><img loading=\"lazy\" decoding=\"async\" width=\"1024\" height=\"1012\" src=\"https:\/\/johnallemann.ch\/wordpress\/wp-content\/uploads\/2020\/09\/Barcelona-14-1024x1012.jpg\" alt=\"\" data-id=\"543\" data-full-url=\"https:\/\/johnallemann.ch\/wordpress\/wp-content\/uploads\/2020\/09\/Barcelona-14.jpg\" data-link=\"http:\/\/johnallemann.ch\/barcelona-14\/\" class=\"wp-image-543\" srcset=\"https:\/\/johnallemann.ch\/wordpress\/wp-content\/uploads\/2020\/09\/Barcelona-14-1024x1012.jpg 1024w, https:\/\/johnallemann.ch\/wordpress\/wp-content\/uploads\/2020\/09\/Barcelona-14-300x297.jpg 300w, https:\/\/johnallemann.ch\/wordpress\/wp-content\/uploads\/2020\/09\/Barcelona-14-768x759.jpg 768w, https:\/\/johnallemann.ch\/wordpress\/wp-content\/uploads\/2020\/09\/Barcelona-14-1536x1519.jpg 1536w, https:\/\/johnallemann.ch\/wordpress\/wp-content\/uploads\/2020\/09\/Barcelona-14-2048x2025.jpg 2048w, https:\/\/johnallemann.ch\/wordpress\/wp-content\/uploads\/2020\/09\/Barcelona-14-583x576.jpg 583w\" sizes=\"auto, (max-width: 1024px) 100vw, 1024px\" \/><\/a><figcaption class=\"blocks-gallery-item__caption\">Barcelona, La Tour Akbar 1, huile\/acryl sur toile, 80x80cm, CHF 3800.-<\/figcaption><\/figure><\/li><li class=\"blocks-gallery-item\"><figure><a href=\"https:\/\/johnallemann.ch\/wordpress\/wp-content\/uploads\/2020\/09\/Barcelona-Grue-13.jpg\"><img loading=\"lazy\" decoding=\"async\" width=\"1024\" height=\"1010\" src=\"https:\/\/johnallemann.ch\/wordpress\/wp-content\/uploads\/2020\/09\/Barcelona-Grue-13-1024x1010.jpg\" alt=\"\" data-id=\"542\" data-full-url=\"https:\/\/johnallemann.ch\/wordpress\/wp-content\/uploads\/2020\/09\/Barcelona-Grue-13.jpg\" data-link=\"http:\/\/johnallemann.ch\/barcelona-grue-13\/\" class=\"wp-image-542\" srcset=\"https:\/\/johnallemann.ch\/wordpress\/wp-content\/uploads\/2020\/09\/Barcelona-Grue-13-1024x1010.jpg 1024w, https:\/\/johnallemann.ch\/wordpress\/wp-content\/uploads\/2020\/09\/Barcelona-Grue-13-300x296.jpg 300w, https:\/\/johnallemann.ch\/wordpress\/wp-content\/uploads\/2020\/09\/Barcelona-Grue-13-768x758.jpg 768w, https:\/\/johnallemann.ch\/wordpress\/wp-content\/uploads\/2020\/09\/Barcelona-Grue-13-1536x1516.jpg 1536w, https:\/\/johnallemann.ch\/wordpress\/wp-content\/uploads\/2020\/09\/Barcelona-Grue-13-583x575.jpg 583w, https:\/\/johnallemann.ch\/wordpress\/wp-content\/uploads\/2020\/09\/Barcelona-Grue-13.jpg 2035w\" sizes=\"auto, (max-width: 1024px) 100vw, 1024px\" \/><\/a><figcaption class=\"blocks-gallery-item__caption\">Barcelona, Grutopia 4, huile sur toile, 60x60cm, CHF 2800.-<\/figcaption><\/figure><\/li><li class=\"blocks-gallery-item\"><figure><a href=\"https:\/\/johnallemann.ch\/wordpress\/wp-content\/uploads\/2020\/09\/Barcelona-11-scaled.jpg\"><img loading=\"lazy\" decoding=\"async\" width=\"829\" height=\"1024\" src=\"https:\/\/johnallemann.ch\/wordpress\/wp-content\/uploads\/2020\/09\/Barcelona-11-829x1024.jpg\" alt=\"\" data-id=\"541\" data-full-url=\"https:\/\/johnallemann.ch\/wordpress\/wp-content\/uploads\/2020\/09\/Barcelona-11-scaled.jpg\" data-link=\"http:\/\/johnallemann.ch\/barcelona-11\/\" class=\"wp-image-541\" srcset=\"https:\/\/johnallemann.ch\/wordpress\/wp-content\/uploads\/2020\/09\/Barcelona-11-829x1024.jpg 829w, https:\/\/johnallemann.ch\/wordpress\/wp-content\/uploads\/2020\/09\/Barcelona-11-243x300.jpg 243w, https:\/\/johnallemann.ch\/wordpress\/wp-content\/uploads\/2020\/09\/Barcelona-11-768x949.jpg 768w, https:\/\/johnallemann.ch\/wordpress\/wp-content\/uploads\/2020\/09\/Barcelona-11-1244x1536.jpg 1244w, https:\/\/johnallemann.ch\/wordpress\/wp-content\/uploads\/2020\/09\/Barcelona-11-1658x2048.jpg 1658w, https:\/\/johnallemann.ch\/wordpress\/wp-content\/uploads\/2020\/09\/Barcelona-11-583x720.jpg 583w\" sizes=\"auto, (max-width: 829px) 100vw, 829px\" \/><\/a><figcaption class=\"blocks-gallery-item__caption\">Barcelona, Caf\u00e9 du port 2, huile sur toile, 90x110cm, CHF 4900.-<\/figcaption><\/figure><\/li><li class=\"blocks-gallery-item\"><figure><a href=\"https:\/\/johnallemann.ch\/wordpress\/wp-content\/uploads\/2020\/09\/Barcelona-09.jpg\"><img loading=\"lazy\" decoding=\"async\" width=\"855\" height=\"1024\" src=\"https:\/\/johnallemann.ch\/wordpress\/wp-content\/uploads\/2020\/09\/Barcelona-09-855x1024.jpg\" alt=\"\" data-id=\"540\" data-full-url=\"https:\/\/johnallemann.ch\/wordpress\/wp-content\/uploads\/2020\/09\/Barcelona-09.jpg\" data-link=\"http:\/\/johnallemann.ch\/barcelona-09\/\" class=\"wp-image-540\" srcset=\"https:\/\/johnallemann.ch\/wordpress\/wp-content\/uploads\/2020\/09\/Barcelona-09-855x1024.jpg 855w, https:\/\/johnallemann.ch\/wordpress\/wp-content\/uploads\/2020\/09\/Barcelona-09-251x300.jpg 251w, https:\/\/johnallemann.ch\/wordpress\/wp-content\/uploads\/2020\/09\/Barcelona-09-768x920.jpg 768w, https:\/\/johnallemann.ch\/wordpress\/wp-content\/uploads\/2020\/09\/Barcelona-09-1283x1536.jpg 1283w, https:\/\/johnallemann.ch\/wordpress\/wp-content\/uploads\/2020\/09\/Barcelona-09-1710x2048.jpg 1710w, https:\/\/johnallemann.ch\/wordpress\/wp-content\/uploads\/2020\/09\/Barcelona-09-583x698.jpg 583w, https:\/\/johnallemann.ch\/wordpress\/wp-content\/uploads\/2020\/09\/Barcelona-09.jpg 1824w\" sizes=\"auto, (max-width: 855px) 100vw, 855px\" \/><\/a><figcaption class=\"blocks-gallery-item__caption\">Barcelona, Via Diagonal 3, huile sur toile, 60x50cm, CHF 2400.-<\/figcaption><\/figure><\/li><li class=\"blocks-gallery-item\"><figure><a href=\"https:\/\/johnallemann.ch\/wordpress\/wp-content\/uploads\/2020\/09\/Barcelona-10.jpg\"><img loading=\"lazy\" decoding=\"async\" width=\"861\" height=\"1024\" src=\"https:\/\/johnallemann.ch\/wordpress\/wp-content\/uploads\/2020\/09\/Barcelona-10-861x1024.jpg\" alt=\"\" data-id=\"539\" data-full-url=\"https:\/\/johnallemann.ch\/wordpress\/wp-content\/uploads\/2020\/09\/Barcelona-10.jpg\" data-link=\"http:\/\/johnallemann.ch\/barcelona-10\/\" class=\"wp-image-539\" srcset=\"https:\/\/johnallemann.ch\/wordpress\/wp-content\/uploads\/2020\/09\/Barcelona-10-861x1024.jpg 861w, https:\/\/johnallemann.ch\/wordpress\/wp-content\/uploads\/2020\/09\/Barcelona-10-252x300.jpg 252w, https:\/\/johnallemann.ch\/wordpress\/wp-content\/uploads\/2020\/09\/Barcelona-10-768x913.jpg 768w, https:\/\/johnallemann.ch\/wordpress\/wp-content\/uploads\/2020\/09\/Barcelona-10-1292x1536.jpg 1292w, https:\/\/johnallemann.ch\/wordpress\/wp-content\/uploads\/2020\/09\/Barcelona-10-1722x2048.jpg 1722w, https:\/\/johnallemann.ch\/wordpress\/wp-content\/uploads\/2020\/09\/Barcelona-10-583x693.jpg 583w, https:\/\/johnallemann.ch\/wordpress\/wp-content\/uploads\/2020\/09\/Barcelona-10.jpg 1968w\" sizes=\"auto, (max-width: 861px) 100vw, 861px\" \/><\/a><figcaption class=\"blocks-gallery-item__caption\">Barcelona, Via Diagonal 4, huile sur toile, 60x50cm, CHF 2400.-<\/figcaption><\/figure><\/li><li class=\"blocks-gallery-item\"><figure><a href=\"https:\/\/johnallemann.ch\/wordpress\/wp-content\/uploads\/2020\/09\/Barcelona-08-scaled.jpg\"><img loading=\"lazy\" decoding=\"async\" width=\"821\" height=\"1024\" src=\"https:\/\/johnallemann.ch\/wordpress\/wp-content\/uploads\/2020\/09\/Barcelona-08-821x1024.jpg\" alt=\"\" data-id=\"538\" data-full-url=\"https:\/\/johnallemann.ch\/wordpress\/wp-content\/uploads\/2020\/09\/Barcelona-08-scaled.jpg\" data-link=\"http:\/\/johnallemann.ch\/barcelona-08\/\" class=\"wp-image-538\" srcset=\"https:\/\/johnallemann.ch\/wordpress\/wp-content\/uploads\/2020\/09\/Barcelona-08-821x1024.jpg 821w, https:\/\/johnallemann.ch\/wordpress\/wp-content\/uploads\/2020\/09\/Barcelona-08-240x300.jpg 240w, https:\/\/johnallemann.ch\/wordpress\/wp-content\/uploads\/2020\/09\/Barcelona-08-768x958.jpg 768w, https:\/\/johnallemann.ch\/wordpress\/wp-content\/uploads\/2020\/09\/Barcelona-08-1231x1536.jpg 1231w, https:\/\/johnallemann.ch\/wordpress\/wp-content\/uploads\/2020\/09\/Barcelona-08-1641x2048.jpg 1641w, https:\/\/johnallemann.ch\/wordpress\/wp-content\/uploads\/2020\/09\/Barcelona-08-583x728.jpg 583w\" sizes=\"auto, (max-width: 821px) 100vw, 821px\" \/><\/a><figcaption class=\"blocks-gallery-item__caption\">Barcelona, Caf\u00e9 du port 1, huile sur toile, 33x41cm, CHF 1200.-<\/figcaption><\/figure><\/li><li class=\"blocks-gallery-item\"><figure><a href=\"https:\/\/johnallemann.ch\/wordpress\/wp-content\/uploads\/2020\/09\/Barcelona-07.jpg\"><img loading=\"lazy\" decoding=\"async\" width=\"1024\" height=\"1022\" src=\"https:\/\/johnallemann.ch\/wordpress\/wp-content\/uploads\/2020\/09\/Barcelona-07-1024x1022.jpg\" alt=\"\" data-id=\"537\" data-full-url=\"https:\/\/johnallemann.ch\/wordpress\/wp-content\/uploads\/2020\/09\/Barcelona-07.jpg\" data-link=\"http:\/\/johnallemann.ch\/barcelona-07\/\" class=\"wp-image-537\" srcset=\"https:\/\/johnallemann.ch\/wordpress\/wp-content\/uploads\/2020\/09\/Barcelona-07-1024x1022.jpg 1024w, https:\/\/johnallemann.ch\/wordpress\/wp-content\/uploads\/2020\/09\/Barcelona-07-300x300.jpg 300w, https:\/\/johnallemann.ch\/wordpress\/wp-content\/uploads\/2020\/09\/Barcelona-07-150x150.jpg 150w, https:\/\/johnallemann.ch\/wordpress\/wp-content\/uploads\/2020\/09\/Barcelona-07-768x766.jpg 768w, https:\/\/johnallemann.ch\/wordpress\/wp-content\/uploads\/2020\/09\/Barcelona-07-1536x1532.jpg 1536w, https:\/\/johnallemann.ch\/wordpress\/wp-content\/uploads\/2020\/09\/Barcelona-07-2048x2043.jpg 2048w, https:\/\/johnallemann.ch\/wordpress\/wp-content\/uploads\/2020\/09\/Barcelona-07-583x582.jpg 583w\" sizes=\"auto, (max-width: 1024px) 100vw, 1024px\" \/><\/a><figcaption class=\"blocks-gallery-item__caption\">Barcelona, La Rambla 2, huile sur toile, 100x100cm, CHF 4900.-<\/figcaption><\/figure><\/li><li class=\"blocks-gallery-item\"><figure><a href=\"https:\/\/johnallemann.ch\/wordpress\/wp-content\/uploads\/2020\/09\/Barcelona-06.jpg\"><img loading=\"lazy\" decoding=\"async\" width=\"1024\" height=\"1001\" src=\"https:\/\/johnallemann.ch\/wordpress\/wp-content\/uploads\/2020\/09\/Barcelona-06-1024x1001.jpg\" alt=\"\" data-id=\"536\" data-full-url=\"https:\/\/johnallemann.ch\/wordpress\/wp-content\/uploads\/2020\/09\/Barcelona-06.jpg\" data-link=\"http:\/\/johnallemann.ch\/barcelona-06\/\" class=\"wp-image-536\" srcset=\"https:\/\/johnallemann.ch\/wordpress\/wp-content\/uploads\/2020\/09\/Barcelona-06-1024x1001.jpg 1024w, https:\/\/johnallemann.ch\/wordpress\/wp-content\/uploads\/2020\/09\/Barcelona-06-300x293.jpg 300w, https:\/\/johnallemann.ch\/wordpress\/wp-content\/uploads\/2020\/09\/Barcelona-06-768x751.jpg 768w, https:\/\/johnallemann.ch\/wordpress\/wp-content\/uploads\/2020\/09\/Barcelona-06-1536x1502.jpg 1536w, https:\/\/johnallemann.ch\/wordpress\/wp-content\/uploads\/2020\/09\/Barcelona-06-2048x2003.jpg 2048w, https:\/\/johnallemann.ch\/wordpress\/wp-content\/uploads\/2020\/09\/Barcelona-06-583x570.jpg 583w\" sizes=\"auto, (max-width: 1024px) 100vw, 1024px\" \/><\/a><figcaption class=\"blocks-gallery-item__caption\">Barcelona, Via Diagonal 2, huile sur toile, 2x 30x60cm, CHF 2800.-<\/figcaption><\/figure><\/li><li class=\"blocks-gallery-item\"><figure><a href=\"https:\/\/johnallemann.ch\/wordpress\/wp-content\/uploads\/2020\/09\/Barcelona-05-scaled.jpg\"><img loading=\"lazy\" decoding=\"async\" width=\"1024\" height=\"1007\" src=\"https:\/\/johnallemann.ch\/wordpress\/wp-content\/uploads\/2020\/09\/Barcelona-05-1024x1007.jpg\" alt=\"\" data-id=\"535\" data-full-url=\"https:\/\/johnallemann.ch\/wordpress\/wp-content\/uploads\/2020\/09\/Barcelona-05-scaled.jpg\" data-link=\"http:\/\/johnallemann.ch\/barcelona-05\/\" class=\"wp-image-535\" srcset=\"https:\/\/johnallemann.ch\/wordpress\/wp-content\/uploads\/2020\/09\/Barcelona-05-1024x1007.jpg 1024w, https:\/\/johnallemann.ch\/wordpress\/wp-content\/uploads\/2020\/09\/Barcelona-05-300x295.jpg 300w, https:\/\/johnallemann.ch\/wordpress\/wp-content\/uploads\/2020\/09\/Barcelona-05-768x755.jpg 768w, https:\/\/johnallemann.ch\/wordpress\/wp-content\/uploads\/2020\/09\/Barcelona-05-1536x1510.jpg 1536w, https:\/\/johnallemann.ch\/wordpress\/wp-content\/uploads\/2020\/09\/Barcelona-05-2048x2014.jpg 2048w, https:\/\/johnallemann.ch\/wordpress\/wp-content\/uploads\/2020\/09\/Barcelona-05-583x573.jpg 583w\" sizes=\"auto, (max-width: 1024px) 100vw, 1024px\" \/><\/a><figcaption class=\"blocks-gallery-item__caption\">Barcelona, Mus\u00e9e Mir\u00f2, huile sur toile, 120x120cm, Collection priv\u00e9e<\/figcaption><\/figure><\/li><li class=\"blocks-gallery-item\"><figure><a href=\"https:\/\/johnallemann.ch\/wordpress\/wp-content\/uploads\/2020\/09\/barcelone_02.jpg\"><img loading=\"lazy\" decoding=\"async\" width=\"596\" height=\"587\" src=\"https:\/\/johnallemann.ch\/wordpress\/wp-content\/uploads\/2020\/09\/barcelone_02.jpg\" alt=\"\" data-id=\"534\" data-full-url=\"https:\/\/johnallemann.ch\/wordpress\/wp-content\/uploads\/2020\/09\/barcelone_02.jpg\" data-link=\"http:\/\/johnallemann.ch\/barcelone_02\/\" class=\"wp-image-534\" srcset=\"https:\/\/johnallemann.ch\/wordpress\/wp-content\/uploads\/2020\/09\/barcelone_02.jpg 596w, https:\/\/johnallemann.ch\/wordpress\/wp-content\/uploads\/2020\/09\/barcelone_02-300x295.jpg 300w, https:\/\/johnallemann.ch\/wordpress\/wp-content\/uploads\/2020\/09\/barcelone_02-583x574.jpg 583w\" sizes=\"auto, (max-width: 596px) 100vw, 596px\" \/><\/a><figcaption class=\"blocks-gallery-item__caption\">Barcelona, Casa Pedrera, huile sur toile, 80x80cm, Collection priv\u00e9e<\/figcaption><\/figure><\/li><li class=\"blocks-gallery-item\"><figure><a href=\"https:\/\/johnallemann.ch\/wordpress\/wp-content\/uploads\/2020\/09\/Barcelona-04-scaled.jpg\"><img loading=\"lazy\" decoding=\"async\" width=\"849\" height=\"1024\" src=\"https:\/\/johnallemann.ch\/wordpress\/wp-content\/uploads\/2020\/09\/Barcelona-04-849x1024.jpg\" alt=\"\" data-id=\"533\" data-full-url=\"https:\/\/johnallemann.ch\/wordpress\/wp-content\/uploads\/2020\/09\/Barcelona-04-scaled.jpg\" data-link=\"http:\/\/johnallemann.ch\/barcelona-04\/\" class=\"wp-image-533\" srcset=\"https:\/\/johnallemann.ch\/wordpress\/wp-content\/uploads\/2020\/09\/Barcelona-04-849x1024.jpg 849w, https:\/\/johnallemann.ch\/wordpress\/wp-content\/uploads\/2020\/09\/Barcelona-04-249x300.jpg 249w, https:\/\/johnallemann.ch\/wordpress\/wp-content\/uploads\/2020\/09\/Barcelona-04-768x926.jpg 768w, https:\/\/johnallemann.ch\/wordpress\/wp-content\/uploads\/2020\/09\/Barcelona-04-1274x1536.jpg 1274w, https:\/\/johnallemann.ch\/wordpress\/wp-content\/uploads\/2020\/09\/Barcelona-04-1699x2048.jpg 1699w, https:\/\/johnallemann.ch\/wordpress\/wp-content\/uploads\/2020\/09\/Barcelona-04-583x703.jpg 583w\" sizes=\"auto, (max-width: 849px) 100vw, 849px\" \/><\/a><figcaption class=\"blocks-gallery-item__caption\">Barcelona, Casa Batl\u00f2, huile sur toile, 60x50cmm. Vendu<\/figcaption><\/figure><\/li><li class=\"blocks-gallery-item\"><figure><a href=\"https:\/\/johnallemann.ch\/wordpress\/wp-content\/uploads\/2020\/09\/Barcelona-03-scaled.jpg\"><img loading=\"lazy\" decoding=\"async\" width=\"880\" height=\"1024\" src=\"https:\/\/johnallemann.ch\/wordpress\/wp-content\/uploads\/2020\/09\/Barcelona-03-880x1024.jpg\" alt=\"\" data-id=\"532\" data-full-url=\"https:\/\/johnallemann.ch\/wordpress\/wp-content\/uploads\/2020\/09\/Barcelona-03-scaled.jpg\" data-link=\"http:\/\/johnallemann.ch\/barcelona-03\/\" class=\"wp-image-532\" srcset=\"https:\/\/johnallemann.ch\/wordpress\/wp-content\/uploads\/2020\/09\/Barcelona-03-880x1024.jpg 880w, https:\/\/johnallemann.ch\/wordpress\/wp-content\/uploads\/2020\/09\/Barcelona-03-258x300.jpg 258w, https:\/\/johnallemann.ch\/wordpress\/wp-content\/uploads\/2020\/09\/Barcelona-03-768x893.jpg 768w, https:\/\/johnallemann.ch\/wordpress\/wp-content\/uploads\/2020\/09\/Barcelona-03-1321x1536.jpg 1321w, https:\/\/johnallemann.ch\/wordpress\/wp-content\/uploads\/2020\/09\/Barcelona-03-1761x2048.jpg 1761w, https:\/\/johnallemann.ch\/wordpress\/wp-content\/uploads\/2020\/09\/Barcelona-03-583x678.jpg 583w\" sizes=\"auto, (max-width: 880px) 100vw, 880px\" \/><\/a><figcaption class=\"blocks-gallery-item__caption\">Barcelona, Via Diagonal 1, huile sur toile, 60x70cm, CHF 3000.-<\/figcaption><\/figure><\/li><li class=\"blocks-gallery-item\"><figure><a href=\"https:\/\/johnallemann.ch\/wordpress\/wp-content\/uploads\/2020\/09\/Barcelona-01.jpg\"><img loading=\"lazy\" decoding=\"async\" width=\"691\" height=\"1024\" src=\"https:\/\/johnallemann.ch\/wordpress\/wp-content\/uploads\/2020\/09\/Barcelona-01-691x1024.jpg\" alt=\"\" data-id=\"531\" data-full-url=\"https:\/\/johnallemann.ch\/wordpress\/wp-content\/uploads\/2020\/09\/Barcelona-01.jpg\" data-link=\"http:\/\/johnallemann.ch\/barcelona-01\/\" class=\"wp-image-531\" srcset=\"https:\/\/johnallemann.ch\/wordpress\/wp-content\/uploads\/2020\/09\/Barcelona-01-691x1024.jpg 691w, https:\/\/johnallemann.ch\/wordpress\/wp-content\/uploads\/2020\/09\/Barcelona-01-202x300.jpg 202w, https:\/\/johnallemann.ch\/wordpress\/wp-content\/uploads\/2020\/09\/Barcelona-01-768x1139.jpg 768w, https:\/\/johnallemann.ch\/wordpress\/wp-content\/uploads\/2020\/09\/Barcelona-01-1036x1536.jpg 1036w, https:\/\/johnallemann.ch\/wordpress\/wp-content\/uploads\/2020\/09\/Barcelona-01-1381x2048.jpg 1381w, https:\/\/johnallemann.ch\/wordpress\/wp-content\/uploads\/2020\/09\/Barcelona-01-583x864.jpg 583w, https:\/\/johnallemann.ch\/wordpress\/wp-content\/uploads\/2020\/09\/Barcelona-01.jpg 1616w\" sizes=\"auto, (max-width: 691px) 100vw, 691px\" \/><\/a><figcaption class=\"blocks-gallery-item__caption\">Barcelona, la Rambla 1, huile sur toile, 60x40cm, CHF 2000.-<\/figcaption><\/figure><\/li><\/ul><\/figure>\n","protected":false},"excerpt":{"rendered":"<p>Les premi\u00e8res \u00ab\u00a0Barcelone\u00a0\u00bb ont \u00e9t\u00e9 expos\u00e9es au \u00ab\u00a0Salon des Artistes Contemporains\u00a0\u00bb \u00e0 Gen\u00e8ve, en novembre 2007. Parties de la m\u00eame inspiration que \u00ab\u00a0Berlin\u00a0\u00bb et ses reflets urbains, ces huiles sur toile traduisent une lumi\u00e8re toute hyspanique, en visitant quelques chef-d&rsquo;oeuvres de Gaudi pour revenir \u00e0 l&rsquo;\u00e9poque contemporaine avec des reflets du mus\u00e9e Miro, des ramblas ou encore du nouveau port de Barcelone. La suite de la s\u00e9rie a \u00e9t\u00e9 expos\u00e9e en septembre 2008 \u00e0 la galerie \u00ab\u00a0En Beauregard\u00a0\u00bb \u00e0 Blonay.<\/p>\n","protected":false},"author":1,"featured_media":0,"parent":12,"menu_order":1,"comment_status":"closed","ping_status":"closed","template":"no-sidebar.php","meta":{"footnotes":""},"class_list":["post-86","page","type-page","status-publish","hentry"],"_links":{"self":[{"href":"https:\/\/johnallemann.ch\/wordpress\/wp-json\/wp\/v2\/pages\/86","targetHints":{"allow":["GET"]}}],"collection":[{"href":"https:\/\/johnallemann.ch\/wordpress\/wp-json\/wp\/v2\/pages"}],"about":[{"href":"https:\/\/johnallemann.ch\/wordpress\/wp-json\/wp\/v2\/types\/page"}],"author":[{"embeddable":true,"href":"https:\/\/johnallemann.ch\/wordpress\/wp-json\/wp\/v2\/users\/1"}],"replies":[{"embeddable":true,"href":"https:\/\/johnallemann.ch\/wordpress\/wp-json\/wp\/v2\/comments?post=86"}],"version-history":[{"count":9,"href":"https:\/\/johnallemann.ch\/wordpress\/wp-json\/wp\/v2\/pages\/86\/revisions"}],"predecessor-version":[{"id":786,"href":"https:\/\/johnallemann.ch\/wordpress\/wp-json\/wp\/v2\/pages\/86\/revisions\/786"}],"up":[{"embeddable":true,"href":"https:\/\/johnallemann.ch\/wordpress\/wp-json\/wp\/v2\/pages\/12"}],"wp:attachment":[{"href":"https:\/\/johnallemann.ch\/wordpress\/wp-json\/wp\/v2\/media?parent=86"}],"curies":[{"name":"wp","href":"https:\/\/api.w.org\/{rel}","templated":true}]}}