{"id":242,"date":"2016-02-02T22:41:30","date_gmt":"2016-02-02T21:41:30","guid":{"rendered":"http:\/\/johnallemann.ch\/?page_id=242"},"modified":"2020-11-20T17:20:51","modified_gmt":"2020-11-20T16:20:51","slug":"sur-toile","status":"publish","type":"page","link":"https:\/\/johnallemann.ch\/wordpress\/galleries\/sur-toile\/","title":{"rendered":"Reflets humains sur toile"},"content":{"rendered":"<div>Les \u00abReflets humains\u00bb &nbsp;suite de la s\u00e9rie sur papier et \u00e9voluant vers&nbsp;un concept de LIBERT\u00c9S avec un besoin d\u2019espace, ont pass\u00e9s du papier \u00e0 la toile,&nbsp;permettant ainsi une autre dimension picturale.<\/div>\n<div>&nbsp;<\/div>\n\n\n<figure class=\"wp-block-gallery columns-3 is-cropped wp-block-gallery-1 is-layout-flex wp-block-gallery-is-layout-flex\"><ul class=\"blocks-gallery-grid\"><li class=\"blocks-gallery-item\"><figure><a href=\"https:\/\/johnallemann.ch\/wordpress\/wp-content\/uploads\/2020\/09\/HomeBanner1.jpg\"><img loading=\"lazy\" decoding=\"async\" width=\"1010\" height=\"295\" src=\"https:\/\/johnallemann.ch\/wordpress\/wp-content\/uploads\/2020\/09\/HomeBanner1.jpg\" alt=\"\" data-id=\"666\" data-full-url=\"https:\/\/johnallemann.ch\/wordpress\/wp-content\/uploads\/2020\/09\/HomeBanner1.jpg\" data-link=\"http:\/\/johnallemann.ch\/homebanner1\/\" class=\"wp-image-666\" srcset=\"https:\/\/johnallemann.ch\/wordpress\/wp-content\/uploads\/2020\/09\/HomeBanner1.jpg 1010w, https:\/\/johnallemann.ch\/wordpress\/wp-content\/uploads\/2020\/09\/HomeBanner1-300x88.jpg 300w, https:\/\/johnallemann.ch\/wordpress\/wp-content\/uploads\/2020\/09\/HomeBanner1-768x224.jpg 768w\" sizes=\"auto, (max-width: 1010px) 100vw, 1010px\" \/><\/a><figcaption class=\"blocks-gallery-item__caption\">Libert\u00e9s No 239, Acryl sur toile, 90x90cm. CHF 4500.-<\/figcaption><\/figure><\/li><li class=\"blocks-gallery-item\"><figure><a href=\"https:\/\/johnallemann.ch\/wordpress\/wp-content\/uploads\/2020\/09\/HomeBanner2.jpg\"><img loading=\"lazy\" decoding=\"async\" width=\"1024\" height=\"295\" src=\"https:\/\/johnallemann.ch\/wordpress\/wp-content\/uploads\/2020\/09\/HomeBanner2.jpg\" alt=\"\" data-id=\"665\" data-full-url=\"https:\/\/johnallemann.ch\/wordpress\/wp-content\/uploads\/2020\/09\/HomeBanner2.jpg\" data-link=\"http:\/\/johnallemann.ch\/homebanner2\/\" class=\"wp-image-665\" srcset=\"https:\/\/johnallemann.ch\/wordpress\/wp-content\/uploads\/2020\/09\/HomeBanner2.jpg 1024w, https:\/\/johnallemann.ch\/wordpress\/wp-content\/uploads\/2020\/09\/HomeBanner2-300x86.jpg 300w, https:\/\/johnallemann.ch\/wordpress\/wp-content\/uploads\/2020\/09\/HomeBanner2-768x221.jpg 768w\" sizes=\"auto, (max-width: 1024px) 100vw, 1024px\" \/><\/a><figcaption class=\"blocks-gallery-item__caption\">Libert\u00e9s No 253, Acryl sur toile, 100x140cm. CHF 6400.-<\/figcaption><\/figure><\/li><li class=\"blocks-gallery-item\"><figure><a href=\"https:\/\/johnallemann.ch\/wordpress\/wp-content\/uploads\/2020\/09\/IMG_3109-scaled.jpg\"><img loading=\"lazy\" decoding=\"async\" width=\"813\" height=\"1024\" src=\"https:\/\/johnallemann.ch\/wordpress\/wp-content\/uploads\/2020\/09\/IMG_3109-813x1024.jpg\" alt=\"\" data-id=\"610\" data-full-url=\"https:\/\/johnallemann.ch\/wordpress\/wp-content\/uploads\/2020\/09\/IMG_3109-scaled.jpg\" data-link=\"http:\/\/johnallemann.ch\/img_3109\/\" class=\"wp-image-610\" srcset=\"https:\/\/johnallemann.ch\/wordpress\/wp-content\/uploads\/2020\/09\/IMG_3109-813x1024.jpg 813w, https:\/\/johnallemann.ch\/wordpress\/wp-content\/uploads\/2020\/09\/IMG_3109-238x300.jpg 238w, https:\/\/johnallemann.ch\/wordpress\/wp-content\/uploads\/2020\/09\/IMG_3109-768x967.jpg 768w, https:\/\/johnallemann.ch\/wordpress\/wp-content\/uploads\/2020\/09\/IMG_3109-1220x1536.jpg 1220w, https:\/\/johnallemann.ch\/wordpress\/wp-content\/uploads\/2020\/09\/IMG_3109-1627x2048.jpg 1627w, https:\/\/johnallemann.ch\/wordpress\/wp-content\/uploads\/2020\/09\/IMG_3109-583x734.jpg 583w, https:\/\/johnallemann.ch\/wordpress\/wp-content\/uploads\/2020\/09\/IMG_3109-scaled.jpg 2033w\" sizes=\"auto, (max-width: 813px) 100vw, 813px\" \/><\/a><figcaption class=\"blocks-gallery-item__caption\">Libert\u00e9s No 309, goudron sur toile, 100x80cm. CHF 4400.-<\/figcaption><\/figure><\/li><li class=\"blocks-gallery-item\"><figure><a href=\"https:\/\/johnallemann.ch\/wordpress\/wp-content\/uploads\/2020\/09\/IMG_3106-scaled.jpg\"><img loading=\"lazy\" decoding=\"async\" width=\"1024\" height=\"624\" src=\"https:\/\/johnallemann.ch\/wordpress\/wp-content\/uploads\/2020\/09\/IMG_3106-1024x624.jpg\" alt=\"\" data-id=\"609\" data-full-url=\"https:\/\/johnallemann.ch\/wordpress\/wp-content\/uploads\/2020\/09\/IMG_3106-scaled.jpg\" data-link=\"http:\/\/johnallemann.ch\/img_3106\/\" class=\"wp-image-609\" srcset=\"https:\/\/johnallemann.ch\/wordpress\/wp-content\/uploads\/2020\/09\/IMG_3106-1024x624.jpg 1024w, https:\/\/johnallemann.ch\/wordpress\/wp-content\/uploads\/2020\/09\/IMG_3106-300x183.jpg 300w, https:\/\/johnallemann.ch\/wordpress\/wp-content\/uploads\/2020\/09\/IMG_3106-768x468.jpg 768w, https:\/\/johnallemann.ch\/wordpress\/wp-content\/uploads\/2020\/09\/IMG_3106-1536x937.jpg 1536w, https:\/\/johnallemann.ch\/wordpress\/wp-content\/uploads\/2020\/09\/IMG_3106-2048x1249.jpg 2048w, https:\/\/johnallemann.ch\/wordpress\/wp-content\/uploads\/2020\/09\/IMG_3106-583x355.jpg 583w\" sizes=\"auto, (max-width: 1024px) 100vw, 1024px\" \/><\/a><figcaption class=\"blocks-gallery-item__caption\">Libert\u00e9s diptyque No 307\/309, goudron sur toile, 2x 100x80cm. CHF 7800.-<\/figcaption><\/figure><\/li><li class=\"blocks-gallery-item\"><figure><a href=\"https:\/\/johnallemann.ch\/wordpress\/wp-content\/uploads\/2020\/09\/IMG_2786-scaled.jpg\"><img loading=\"lazy\" decoding=\"async\" width=\"747\" height=\"1024\" src=\"https:\/\/johnallemann.ch\/wordpress\/wp-content\/uploads\/2020\/09\/IMG_2786-747x1024.jpg\" alt=\"\" data-id=\"608\" data-full-url=\"https:\/\/johnallemann.ch\/wordpress\/wp-content\/uploads\/2020\/09\/IMG_2786-scaled.jpg\" data-link=\"http:\/\/johnallemann.ch\/img_2786\/\" class=\"wp-image-608\" srcset=\"https:\/\/johnallemann.ch\/wordpress\/wp-content\/uploads\/2020\/09\/IMG_2786-747x1024.jpg 747w, https:\/\/johnallemann.ch\/wordpress\/wp-content\/uploads\/2020\/09\/IMG_2786-219x300.jpg 219w, https:\/\/johnallemann.ch\/wordpress\/wp-content\/uploads\/2020\/09\/IMG_2786-768x1053.jpg 768w, https:\/\/johnallemann.ch\/wordpress\/wp-content\/uploads\/2020\/09\/IMG_2786-1120x1536.jpg 1120w, https:\/\/johnallemann.ch\/wordpress\/wp-content\/uploads\/2020\/09\/IMG_2786-1493x2048.jpg 1493w, https:\/\/johnallemann.ch\/wordpress\/wp-content\/uploads\/2020\/09\/IMG_2786-583x800.jpg 583w, https:\/\/johnallemann.ch\/wordpress\/wp-content\/uploads\/2020\/09\/IMG_2786-scaled.jpg 1867w\" sizes=\"auto, (max-width: 747px) 100vw, 747px\" \/><\/a><figcaption class=\"blocks-gallery-item__caption\">Libert\u00e9s No 307, goudron sur toile, 100&#215;73,5cm. CHF 4400.-<\/figcaption><\/figure><\/li><li class=\"blocks-gallery-item\"><figure><a href=\"https:\/\/johnallemann.ch\/wordpress\/wp-content\/uploads\/2020\/09\/IMG_2410-scaled.jpg\"><img loading=\"lazy\" decoding=\"async\" width=\"819\" height=\"1024\" src=\"https:\/\/johnallemann.ch\/wordpress\/wp-content\/uploads\/2020\/09\/IMG_2410-819x1024.jpg\" alt=\"\" data-id=\"607\" data-full-url=\"https:\/\/johnallemann.ch\/wordpress\/wp-content\/uploads\/2020\/09\/IMG_2410-scaled.jpg\" data-link=\"http:\/\/johnallemann.ch\/reflets-humains-no-307\/\" class=\"wp-image-607\" srcset=\"https:\/\/johnallemann.ch\/wordpress\/wp-content\/uploads\/2020\/09\/IMG_2410-819x1024.jpg 819w, https:\/\/johnallemann.ch\/wordpress\/wp-content\/uploads\/2020\/09\/IMG_2410-240x300.jpg 240w, https:\/\/johnallemann.ch\/wordpress\/wp-content\/uploads\/2020\/09\/IMG_2410-768x960.jpg 768w, https:\/\/johnallemann.ch\/wordpress\/wp-content\/uploads\/2020\/09\/IMG_2410-1228x1536.jpg 1228w, https:\/\/johnallemann.ch\/wordpress\/wp-content\/uploads\/2020\/09\/IMG_2410-1638x2048.jpg 1638w, https:\/\/johnallemann.ch\/wordpress\/wp-content\/uploads\/2020\/09\/IMG_2410-583x729.jpg 583w, https:\/\/johnallemann.ch\/wordpress\/wp-content\/uploads\/2020\/09\/IMG_2410-scaled.jpg 2047w\" sizes=\"auto, (max-width: 819px) 100vw, 819px\" \/><\/a><figcaption class=\"blocks-gallery-item__caption\">Libert\u00e9s No 310, goudron sur toile, 100x81cm. CHF 4400.-<\/figcaption><\/figure><\/li><li class=\"blocks-gallery-item\"><figure><a href=\"https:\/\/johnallemann.ch\/wordpress\/wp-content\/uploads\/2020\/09\/IMG_1301-scaled.jpg\"><img loading=\"lazy\" decoding=\"async\" width=\"1024\" height=\"726\" src=\"https:\/\/johnallemann.ch\/wordpress\/wp-content\/uploads\/2020\/09\/IMG_1301-1024x726.jpg\" alt=\"\" data-id=\"602\" data-full-url=\"https:\/\/johnallemann.ch\/wordpress\/wp-content\/uploads\/2020\/09\/IMG_1301-scaled.jpg\" data-link=\"http:\/\/johnallemann.ch\/img_1301\/\" class=\"wp-image-602\" srcset=\"https:\/\/johnallemann.ch\/wordpress\/wp-content\/uploads\/2020\/09\/IMG_1301-1024x726.jpg 1024w, https:\/\/johnallemann.ch\/wordpress\/wp-content\/uploads\/2020\/09\/IMG_1301-300x213.jpg 300w, https:\/\/johnallemann.ch\/wordpress\/wp-content\/uploads\/2020\/09\/IMG_1301-768x545.jpg 768w, https:\/\/johnallemann.ch\/wordpress\/wp-content\/uploads\/2020\/09\/IMG_1301-1536x1090.jpg 1536w, https:\/\/johnallemann.ch\/wordpress\/wp-content\/uploads\/2020\/09\/IMG_1301-2048x1453.jpg 2048w, https:\/\/johnallemann.ch\/wordpress\/wp-content\/uploads\/2020\/09\/IMG_1301-583x414.jpg 583w\" sizes=\"auto, (max-width: 1024px) 100vw, 1024px\" \/><\/a><figcaption class=\"blocks-gallery-item__caption\">Libert\u00e9s No 253, Acryl sur toile, 100x140cm. CHF 6400.-<\/figcaption><\/figure><\/li><li class=\"blocks-gallery-item\"><figure><a href=\"https:\/\/johnallemann.ch\/wordpress\/wp-content\/uploads\/2020\/09\/IMG_2402-scaled.jpg\"><img loading=\"lazy\" decoding=\"async\" width=\"817\" height=\"1024\" src=\"https:\/\/johnallemann.ch\/wordpress\/wp-content\/uploads\/2020\/09\/IMG_2402-817x1024.jpg\" alt=\"\" data-id=\"603\" data-full-url=\"https:\/\/johnallemann.ch\/wordpress\/wp-content\/uploads\/2020\/09\/IMG_2402-scaled.jpg\" data-link=\"http:\/\/johnallemann.ch\/img_2402\/\" class=\"wp-image-603\" srcset=\"https:\/\/johnallemann.ch\/wordpress\/wp-content\/uploads\/2020\/09\/IMG_2402-817x1024.jpg 817w, https:\/\/johnallemann.ch\/wordpress\/wp-content\/uploads\/2020\/09\/IMG_2402-239x300.jpg 239w, https:\/\/johnallemann.ch\/wordpress\/wp-content\/uploads\/2020\/09\/IMG_2402-768x963.jpg 768w, https:\/\/johnallemann.ch\/wordpress\/wp-content\/uploads\/2020\/09\/IMG_2402-1225x1536.jpg 1225w, https:\/\/johnallemann.ch\/wordpress\/wp-content\/uploads\/2020\/09\/IMG_2402-1634x2048.jpg 1634w, https:\/\/johnallemann.ch\/wordpress\/wp-content\/uploads\/2020\/09\/IMG_2402-583x731.jpg 583w, https:\/\/johnallemann.ch\/wordpress\/wp-content\/uploads\/2020\/09\/IMG_2402-scaled.jpg 2042w\" sizes=\"auto, (max-width: 817px) 100vw, 817px\" \/><\/a><figcaption class=\"blocks-gallery-item__caption\">Libert\u00e9s No 270, Acryl sur toile, 50x40cm. CHF 1800.-<\/figcaption><\/figure><\/li><li class=\"blocks-gallery-item\"><figure><a href=\"https:\/\/johnallemann.ch\/wordpress\/wp-content\/uploads\/2020\/09\/IMG_0936-scaled.jpg\"><img loading=\"lazy\" decoding=\"async\" width=\"811\" height=\"1024\" src=\"https:\/\/johnallemann.ch\/wordpress\/wp-content\/uploads\/2020\/09\/IMG_0936-811x1024.jpg\" alt=\"\" data-id=\"604\" data-full-url=\"https:\/\/johnallemann.ch\/wordpress\/wp-content\/uploads\/2020\/09\/IMG_0936-scaled.jpg\" data-link=\"http:\/\/johnallemann.ch\/img_0936\/\" class=\"wp-image-604\" srcset=\"https:\/\/johnallemann.ch\/wordpress\/wp-content\/uploads\/2020\/09\/IMG_0936-811x1024.jpg 811w, https:\/\/johnallemann.ch\/wordpress\/wp-content\/uploads\/2020\/09\/IMG_0936-238x300.jpg 238w, https:\/\/johnallemann.ch\/wordpress\/wp-content\/uploads\/2020\/09\/IMG_0936-768x970.jpg 768w, https:\/\/johnallemann.ch\/wordpress\/wp-content\/uploads\/2020\/09\/IMG_0936-1216x1536.jpg 1216w, https:\/\/johnallemann.ch\/wordpress\/wp-content\/uploads\/2020\/09\/IMG_0936-1622x2048.jpg 1622w, https:\/\/johnallemann.ch\/wordpress\/wp-content\/uploads\/2020\/09\/IMG_0936-583x736.jpg 583w, https:\/\/johnallemann.ch\/wordpress\/wp-content\/uploads\/2020\/09\/IMG_0936-scaled.jpg 2027w\" sizes=\"auto, (max-width: 811px) 100vw, 811px\" \/><\/a><figcaption class=\"blocks-gallery-item__caption\">Libert\u00e9s No 272, Acryl sur toile, 50x40cm. CHF 1800.-<\/figcaption><\/figure><\/li><li class=\"blocks-gallery-item\"><figure><a href=\"https:\/\/johnallemann.ch\/wordpress\/wp-content\/uploads\/2020\/09\/IMG_1851-scaled.jpg\"><img loading=\"lazy\" decoding=\"async\" width=\"1024\" height=\"633\" src=\"https:\/\/johnallemann.ch\/wordpress\/wp-content\/uploads\/2020\/09\/IMG_1851-1024x633.jpg\" alt=\"\" data-id=\"605\" data-full-url=\"https:\/\/johnallemann.ch\/wordpress\/wp-content\/uploads\/2020\/09\/IMG_1851-scaled.jpg\" data-link=\"http:\/\/johnallemann.ch\/reflets-humains-no-301-302\/\" class=\"wp-image-605\" srcset=\"https:\/\/johnallemann.ch\/wordpress\/wp-content\/uploads\/2020\/09\/IMG_1851-1024x633.jpg 1024w, https:\/\/johnallemann.ch\/wordpress\/wp-content\/uploads\/2020\/09\/IMG_1851-300x186.jpg 300w, https:\/\/johnallemann.ch\/wordpress\/wp-content\/uploads\/2020\/09\/IMG_1851-768x475.jpg 768w, https:\/\/johnallemann.ch\/wordpress\/wp-content\/uploads\/2020\/09\/IMG_1851-1536x950.jpg 1536w, https:\/\/johnallemann.ch\/wordpress\/wp-content\/uploads\/2020\/09\/IMG_1851-2048x1267.jpg 2048w, https:\/\/johnallemann.ch\/wordpress\/wp-content\/uploads\/2020\/09\/IMG_1851-583x361.jpg 583w\" sizes=\"auto, (max-width: 1024px) 100vw, 1024px\" \/><\/a><figcaption class=\"blocks-gallery-item__caption\">301= Acryl, collage sur toile, Collection priv\u00e9e. <br \/>302= bitume sur toile, 100x80cm, CHF 4400.-<\/figcaption><\/figure><\/li><li class=\"blocks-gallery-item\"><figure><a href=\"https:\/\/johnallemann.ch\/wordpress\/wp-content\/uploads\/2020\/09\/IMG_1921-scaled.jpg\"><img loading=\"lazy\" decoding=\"async\" width=\"812\" height=\"1024\" src=\"https:\/\/johnallemann.ch\/wordpress\/wp-content\/uploads\/2020\/09\/IMG_1921-812x1024.jpg\" alt=\"\" data-id=\"606\" data-full-url=\"https:\/\/johnallemann.ch\/wordpress\/wp-content\/uploads\/2020\/09\/IMG_1921-scaled.jpg\" data-link=\"http:\/\/johnallemann.ch\/libertes-no-303\/\" class=\"wp-image-606\" srcset=\"https:\/\/johnallemann.ch\/wordpress\/wp-content\/uploads\/2020\/09\/IMG_1921-812x1024.jpg 812w, https:\/\/johnallemann.ch\/wordpress\/wp-content\/uploads\/2020\/09\/IMG_1921-238x300.jpg 238w, https:\/\/johnallemann.ch\/wordpress\/wp-content\/uploads\/2020\/09\/IMG_1921-768x969.jpg 768w, https:\/\/johnallemann.ch\/wordpress\/wp-content\/uploads\/2020\/09\/IMG_1921-1218x1536.jpg 1218w, https:\/\/johnallemann.ch\/wordpress\/wp-content\/uploads\/2020\/09\/IMG_1921-1624x2048.jpg 1624w, https:\/\/johnallemann.ch\/wordpress\/wp-content\/uploads\/2020\/09\/IMG_1921-583x735.jpg 583w, https:\/\/johnallemann.ch\/wordpress\/wp-content\/uploads\/2020\/09\/IMG_1921-scaled.jpg 2029w\" sizes=\"auto, (max-width: 812px) 100vw, 812px\" \/><\/a><figcaption class=\"blocks-gallery-item__caption\">Libert\u00e9s No 303, Acryl sur toile, 100x80cm. CHF 4400.-<\/figcaption><\/figure><\/li><li class=\"blocks-gallery-item\"><figure><a href=\"https:\/\/johnallemann.ch\/wordpress\/wp-content\/uploads\/2020\/09\/P1020607.jpg\"><img loading=\"lazy\" decoding=\"async\" width=\"1024\" height=\"1019\" src=\"https:\/\/johnallemann.ch\/wordpress\/wp-content\/uploads\/2020\/09\/P1020607-1024x1019.jpg\" alt=\"\" data-id=\"590\" data-full-url=\"https:\/\/johnallemann.ch\/wordpress\/wp-content\/uploads\/2020\/09\/P1020607.jpg\" data-link=\"http:\/\/johnallemann.ch\/libertes-no-277\/\" class=\"wp-image-590\" srcset=\"https:\/\/johnallemann.ch\/wordpress\/wp-content\/uploads\/2020\/09\/P1020607-1024x1019.jpg 1024w, https:\/\/johnallemann.ch\/wordpress\/wp-content\/uploads\/2020\/09\/P1020607-300x298.jpg 300w, https:\/\/johnallemann.ch\/wordpress\/wp-content\/uploads\/2020\/09\/P1020607-150x150.jpg 150w, https:\/\/johnallemann.ch\/wordpress\/wp-content\/uploads\/2020\/09\/P1020607-768x764.jpg 768w, https:\/\/johnallemann.ch\/wordpress\/wp-content\/uploads\/2020\/09\/P1020607-1536x1528.jpg 1536w, https:\/\/johnallemann.ch\/wordpress\/wp-content\/uploads\/2020\/09\/P1020607-2048x2037.jpg 2048w, https:\/\/johnallemann.ch\/wordpress\/wp-content\/uploads\/2020\/09\/P1020607-583x580.jpg 583w\" sizes=\"auto, (max-width: 1024px) 100vw, 1024px\" \/><\/a><figcaption class=\"blocks-gallery-item__caption\">Libert\u00e9s No 277, Acryl sur toile, 50x50cm. CHF 2200.-<\/figcaption><\/figure><\/li><li class=\"blocks-gallery-item\"><figure><a href=\"https:\/\/johnallemann.ch\/wordpress\/wp-content\/uploads\/2020\/09\/P1020215.jpg\"><img loading=\"lazy\" decoding=\"async\" width=\"1017\" height=\"1024\" src=\"https:\/\/johnallemann.ch\/wordpress\/wp-content\/uploads\/2020\/09\/P1020215-1017x1024.jpg\" alt=\"\" data-id=\"589\" data-full-url=\"https:\/\/johnallemann.ch\/wordpress\/wp-content\/uploads\/2020\/09\/P1020215.jpg\" data-link=\"http:\/\/johnallemann.ch\/reflets-humains-no-260c\/\" class=\"wp-image-589\" srcset=\"https:\/\/johnallemann.ch\/wordpress\/wp-content\/uploads\/2020\/09\/P1020215-1017x1024.jpg 1017w, https:\/\/johnallemann.ch\/wordpress\/wp-content\/uploads\/2020\/09\/P1020215-298x300.jpg 298w, https:\/\/johnallemann.ch\/wordpress\/wp-content\/uploads\/2020\/09\/P1020215-150x150.jpg 150w, https:\/\/johnallemann.ch\/wordpress\/wp-content\/uploads\/2020\/09\/P1020215-768x773.jpg 768w, https:\/\/johnallemann.ch\/wordpress\/wp-content\/uploads\/2020\/09\/P1020215-1525x1536.jpg 1525w, https:\/\/johnallemann.ch\/wordpress\/wp-content\/uploads\/2020\/09\/P1020215-583x587.jpg 583w, https:\/\/johnallemann.ch\/wordpress\/wp-content\/uploads\/2020\/09\/P1020215.jpg 1704w\" sizes=\"auto, (max-width: 1017px) 100vw, 1017px\" \/><\/a><figcaption class=\"blocks-gallery-item__caption\">Libert\u00e9s No 260c, Acryl sur toile, 40x40cm. CHF 1400.-<\/figcaption><\/figure><\/li><li class=\"blocks-gallery-item\"><figure><a href=\"https:\/\/johnallemann.ch\/wordpress\/wp-content\/uploads\/2020\/09\/P1020214.jpg\"><img loading=\"lazy\" decoding=\"async\" width=\"1024\" height=\"1022\" src=\"https:\/\/johnallemann.ch\/wordpress\/wp-content\/uploads\/2020\/09\/P1020214-1024x1022.jpg\" alt=\"\" data-id=\"588\" data-full-url=\"https:\/\/johnallemann.ch\/wordpress\/wp-content\/uploads\/2020\/09\/P1020214.jpg\" data-link=\"http:\/\/johnallemann.ch\/reflets-humains-no-260b\/\" class=\"wp-image-588\" srcset=\"https:\/\/johnallemann.ch\/wordpress\/wp-content\/uploads\/2020\/09\/P1020214-1024x1022.jpg 1024w, https:\/\/johnallemann.ch\/wordpress\/wp-content\/uploads\/2020\/09\/P1020214-300x300.jpg 300w, https:\/\/johnallemann.ch\/wordpress\/wp-content\/uploads\/2020\/09\/P1020214-150x150.jpg 150w, https:\/\/johnallemann.ch\/wordpress\/wp-content\/uploads\/2020\/09\/P1020214-768x767.jpg 768w, https:\/\/johnallemann.ch\/wordpress\/wp-content\/uploads\/2020\/09\/P1020214-1536x1533.jpg 1536w, https:\/\/johnallemann.ch\/wordpress\/wp-content\/uploads\/2020\/09\/P1020214-583x582.jpg 583w, https:\/\/johnallemann.ch\/wordpress\/wp-content\/uploads\/2020\/09\/P1020214.jpg 1711w\" sizes=\"auto, (max-width: 1024px) 100vw, 1024px\" \/><\/a><figcaption class=\"blocks-gallery-item__caption\">Libert\u00e9s No 260b, Acryl sur toile, 40x40cm. CHF 1400.-<\/figcaption><\/figure><\/li><li class=\"blocks-gallery-item\"><figure><a href=\"https:\/\/johnallemann.ch\/wordpress\/wp-content\/uploads\/2020\/09\/P1020213.jpg\"><img loading=\"lazy\" decoding=\"async\" width=\"1018\" height=\"1024\" src=\"https:\/\/johnallemann.ch\/wordpress\/wp-content\/uploads\/2020\/09\/P1020213-1018x1024.jpg\" alt=\"\" data-id=\"587\" data-full-url=\"https:\/\/johnallemann.ch\/wordpress\/wp-content\/uploads\/2020\/09\/P1020213.jpg\" data-link=\"http:\/\/johnallemann.ch\/reflets-humains-no-260a\/\" class=\"wp-image-587\" srcset=\"https:\/\/johnallemann.ch\/wordpress\/wp-content\/uploads\/2020\/09\/P1020213-1018x1024.jpg 1018w, https:\/\/johnallemann.ch\/wordpress\/wp-content\/uploads\/2020\/09\/P1020213-298x300.jpg 298w, https:\/\/johnallemann.ch\/wordpress\/wp-content\/uploads\/2020\/09\/P1020213-150x150.jpg 150w, https:\/\/johnallemann.ch\/wordpress\/wp-content\/uploads\/2020\/09\/P1020213-768x773.jpg 768w, https:\/\/johnallemann.ch\/wordpress\/wp-content\/uploads\/2020\/09\/P1020213-1527x1536.jpg 1527w, https:\/\/johnallemann.ch\/wordpress\/wp-content\/uploads\/2020\/09\/P1020213-583x587.jpg 583w, https:\/\/johnallemann.ch\/wordpress\/wp-content\/uploads\/2020\/09\/P1020213.jpg 1803w\" sizes=\"auto, (max-width: 1018px) 100vw, 1018px\" \/><\/a><figcaption class=\"blocks-gallery-item__caption\">Libert\u00e9s No 260a, Acryl sur toile, 40x40cm. CHF 1400.-<\/figcaption><\/figure><\/li><li class=\"blocks-gallery-item\"><figure><a href=\"https:\/\/johnallemann.ch\/wordpress\/wp-content\/uploads\/2020\/09\/Reflets-humains-No-261.jpg\"><img loading=\"lazy\" decoding=\"async\" width=\"1024\" height=\"1012\" src=\"https:\/\/johnallemann.ch\/wordpress\/wp-content\/uploads\/2020\/09\/Reflets-humains-No-261-1024x1012.jpg\" alt=\"\" data-id=\"582\" data-full-url=\"https:\/\/johnallemann.ch\/wordpress\/wp-content\/uploads\/2020\/09\/Reflets-humains-No-261.jpg\" data-link=\"http:\/\/johnallemann.ch\/reflets-humains-no-261\/\" class=\"wp-image-582\" srcset=\"https:\/\/johnallemann.ch\/wordpress\/wp-content\/uploads\/2020\/09\/Reflets-humains-No-261-1024x1012.jpg 1024w, https:\/\/johnallemann.ch\/wordpress\/wp-content\/uploads\/2020\/09\/Reflets-humains-No-261-300x296.jpg 300w, https:\/\/johnallemann.ch\/wordpress\/wp-content\/uploads\/2020\/09\/Reflets-humains-No-261-768x759.jpg 768w, https:\/\/johnallemann.ch\/wordpress\/wp-content\/uploads\/2020\/09\/Reflets-humains-No-261-1536x1517.jpg 1536w, https:\/\/johnallemann.ch\/wordpress\/wp-content\/uploads\/2020\/09\/Reflets-humains-No-261-2048x2023.jpg 2048w, https:\/\/johnallemann.ch\/wordpress\/wp-content\/uploads\/2020\/09\/Reflets-humains-No-261-583x576.jpg 583w\" sizes=\"auto, (max-width: 1024px) 100vw, 1024px\" \/><\/a><figcaption class=\"blocks-gallery-item__caption\">Libert\u00e9s No 261, Acryl sur toile, 60x60cm. Collection Mus\u00e9e jurassien des Beaux-Arts, Moutier<\/figcaption><\/figure><\/li><li class=\"blocks-gallery-item\"><figure><a href=\"https:\/\/johnallemann.ch\/wordpress\/wp-content\/uploads\/2020\/09\/Reflets-humains-No-244.jpg\"><img loading=\"lazy\" decoding=\"async\" width=\"1014\" height=\"1024\" src=\"https:\/\/johnallemann.ch\/wordpress\/wp-content\/uploads\/2020\/09\/Reflets-humains-No-244-1014x1024.jpg\" alt=\"\" data-id=\"583\" data-full-url=\"https:\/\/johnallemann.ch\/wordpress\/wp-content\/uploads\/2020\/09\/Reflets-humains-No-244.jpg\" data-link=\"http:\/\/johnallemann.ch\/reflets-humains-no-244\/\" class=\"wp-image-583\" srcset=\"https:\/\/johnallemann.ch\/wordpress\/wp-content\/uploads\/2020\/09\/Reflets-humains-No-244-1014x1024.jpg 1014w, https:\/\/johnallemann.ch\/wordpress\/wp-content\/uploads\/2020\/09\/Reflets-humains-No-244-297x300.jpg 297w, https:\/\/johnallemann.ch\/wordpress\/wp-content\/uploads\/2020\/09\/Reflets-humains-No-244-150x150.jpg 150w, https:\/\/johnallemann.ch\/wordpress\/wp-content\/uploads\/2020\/09\/Reflets-humains-No-244-768x776.jpg 768w, https:\/\/johnallemann.ch\/wordpress\/wp-content\/uploads\/2020\/09\/Reflets-humains-No-244-1520x1536.jpg 1520w, https:\/\/johnallemann.ch\/wordpress\/wp-content\/uploads\/2020\/09\/Reflets-humains-No-244-2027x2048.jpg 2027w, https:\/\/johnallemann.ch\/wordpress\/wp-content\/uploads\/2020\/09\/Reflets-humains-No-244-583x589.jpg 583w\" sizes=\"auto, (max-width: 1014px) 100vw, 1014px\" \/><\/a><figcaption class=\"blocks-gallery-item__caption\">Libert\u00e9s No 244, Acryl sur toile, 100x100cm. Collection Mus\u00e9e jurassien des Beaux-Arts, Moutier<\/figcaption><\/figure><\/li><li class=\"blocks-gallery-item\"><figure><a href=\"https:\/\/johnallemann.ch\/wordpress\/wp-content\/uploads\/2020\/09\/P1020127.jpg\"><img loading=\"lazy\" decoding=\"async\" width=\"767\" height=\"1024\" src=\"https:\/\/johnallemann.ch\/wordpress\/wp-content\/uploads\/2020\/09\/P1020127-767x1024.jpg\" alt=\"\" data-id=\"584\" data-full-url=\"https:\/\/johnallemann.ch\/wordpress\/wp-content\/uploads\/2020\/09\/P1020127.jpg\" data-link=\"http:\/\/johnallemann.ch\/libertes-no-247\/\" class=\"wp-image-584\" srcset=\"https:\/\/johnallemann.ch\/wordpress\/wp-content\/uploads\/2020\/09\/P1020127-767x1024.jpg 767w, https:\/\/johnallemann.ch\/wordpress\/wp-content\/uploads\/2020\/09\/P1020127-225x300.jpg 225w, https:\/\/johnallemann.ch\/wordpress\/wp-content\/uploads\/2020\/09\/P1020127-768x1026.jpg 768w, https:\/\/johnallemann.ch\/wordpress\/wp-content\/uploads\/2020\/09\/P1020127-1150x1536.jpg 1150w, https:\/\/johnallemann.ch\/wordpress\/wp-content\/uploads\/2020\/09\/P1020127-1534x2048.jpg 1534w, https:\/\/johnallemann.ch\/wordpress\/wp-content\/uploads\/2020\/09\/P1020127-583x779.jpg 583w, https:\/\/johnallemann.ch\/wordpress\/wp-content\/uploads\/2020\/09\/P1020127.jpg 1652w\" sizes=\"auto, (max-width: 767px) 100vw, 767px\" \/><\/a><figcaption class=\"blocks-gallery-item__caption\">Acryl sur toile, 60x40cm. Collection Galerie Arcane, Neuch\u00e2tel<\/figcaption><\/figure><\/li><li class=\"blocks-gallery-item\"><figure><a href=\"https:\/\/johnallemann.ch\/wordpress\/wp-content\/uploads\/2020\/09\/P1020132.jpg\"><img loading=\"lazy\" decoding=\"async\" width=\"1024\" height=\"773\" src=\"https:\/\/johnallemann.ch\/wordpress\/wp-content\/uploads\/2020\/09\/P1020132-1024x773.jpg\" alt=\"\" data-id=\"585\" data-full-url=\"https:\/\/johnallemann.ch\/wordpress\/wp-content\/uploads\/2020\/09\/P1020132.jpg\" data-link=\"http:\/\/johnallemann.ch\/reflets-humains-no-248\/\" class=\"wp-image-585\" srcset=\"https:\/\/johnallemann.ch\/wordpress\/wp-content\/uploads\/2020\/09\/P1020132-1024x773.jpg 1024w, https:\/\/johnallemann.ch\/wordpress\/wp-content\/uploads\/2020\/09\/P1020132-300x226.jpg 300w, https:\/\/johnallemann.ch\/wordpress\/wp-content\/uploads\/2020\/09\/P1020132-768x580.jpg 768w, https:\/\/johnallemann.ch\/wordpress\/wp-content\/uploads\/2020\/09\/P1020132-1536x1160.jpg 1536w, https:\/\/johnallemann.ch\/wordpress\/wp-content\/uploads\/2020\/09\/P1020132-2048x1546.jpg 2048w, https:\/\/johnallemann.ch\/wordpress\/wp-content\/uploads\/2020\/09\/P1020132-583x440.jpg 583w\" sizes=\"auto, (max-width: 1024px) 100vw, 1024px\" \/><\/a><figcaption class=\"blocks-gallery-item__caption\">Libert\u00e9s No 481, Acryl sur toile, 60x80cm. CHF 3400.-<\/figcaption><\/figure><\/li><li class=\"blocks-gallery-item\"><figure><a href=\"https:\/\/johnallemann.ch\/wordpress\/wp-content\/uploads\/2020\/09\/P1020187.jpg\"><img loading=\"lazy\" decoding=\"async\" width=\"1011\" height=\"1024\" src=\"https:\/\/johnallemann.ch\/wordpress\/wp-content\/uploads\/2020\/09\/P1020187-1011x1024.jpg\" alt=\"\" data-id=\"586\" data-full-url=\"https:\/\/johnallemann.ch\/wordpress\/wp-content\/uploads\/2020\/09\/P1020187.jpg\" data-link=\"http:\/\/johnallemann.ch\/libertes-no\/\" class=\"wp-image-586\" srcset=\"https:\/\/johnallemann.ch\/wordpress\/wp-content\/uploads\/2020\/09\/P1020187-1011x1024.jpg 1011w, https:\/\/johnallemann.ch\/wordpress\/wp-content\/uploads\/2020\/09\/P1020187-296x300.jpg 296w, https:\/\/johnallemann.ch\/wordpress\/wp-content\/uploads\/2020\/09\/P1020187-768x778.jpg 768w, https:\/\/johnallemann.ch\/wordpress\/wp-content\/uploads\/2020\/09\/P1020187-1516x1536.jpg 1516w, https:\/\/johnallemann.ch\/wordpress\/wp-content\/uploads\/2020\/09\/P1020187-583x591.jpg 583w, https:\/\/johnallemann.ch\/wordpress\/wp-content\/uploads\/2020\/09\/P1020187.jpg 1656w\" sizes=\"auto, (max-width: 1011px) 100vw, 1011px\" \/><\/a><figcaption class=\"blocks-gallery-item__caption\">Libert\u00e9s No 258, Acryl sur toile, 50x50cm. CHF 2200.-<\/figcaption><\/figure><\/li><li class=\"blocks-gallery-item\"><figure><a href=\"https:\/\/johnallemann.ch\/wordpress\/wp-content\/uploads\/2020\/09\/Reflets-humains-No-275.jpg\"><img loading=\"lazy\" decoding=\"async\" width=\"1024\" height=\"1019\" src=\"https:\/\/johnallemann.ch\/wordpress\/wp-content\/uploads\/2020\/09\/Reflets-humains-No-275-1024x1019.jpg\" alt=\"\" data-id=\"581\" data-full-url=\"https:\/\/johnallemann.ch\/wordpress\/wp-content\/uploads\/2020\/09\/Reflets-humains-No-275.jpg\" data-link=\"http:\/\/johnallemann.ch\/reflets-humains-no-275\/\" class=\"wp-image-581\" srcset=\"https:\/\/johnallemann.ch\/wordpress\/wp-content\/uploads\/2020\/09\/Reflets-humains-No-275-1024x1019.jpg 1024w, https:\/\/johnallemann.ch\/wordpress\/wp-content\/uploads\/2020\/09\/Reflets-humains-No-275-300x300.jpg 300w, https:\/\/johnallemann.ch\/wordpress\/wp-content\/uploads\/2020\/09\/Reflets-humains-No-275-150x150.jpg 150w, https:\/\/johnallemann.ch\/wordpress\/wp-content\/uploads\/2020\/09\/Reflets-humains-No-275-768x765.jpg 768w, https:\/\/johnallemann.ch\/wordpress\/wp-content\/uploads\/2020\/09\/Reflets-humains-No-275-1536x1529.jpg 1536w, https:\/\/johnallemann.ch\/wordpress\/wp-content\/uploads\/2020\/09\/Reflets-humains-No-275-2048x2039.jpg 2048w, https:\/\/johnallemann.ch\/wordpress\/wp-content\/uploads\/2020\/09\/Reflets-humains-No-275-583x580.jpg 583w\" sizes=\"auto, (max-width: 1024px) 100vw, 1024px\" \/><\/a><figcaption class=\"blocks-gallery-item__caption\">Libert\u00e9s No 275, Acryl sur toile, 50x50cm. CHF 2200.-<\/figcaption><\/figure><\/li><li class=\"blocks-gallery-item\"><figure><a href=\"https:\/\/johnallemann.ch\/wordpress\/wp-content\/uploads\/2020\/09\/P1020069.jpg\"><img loading=\"lazy\" decoding=\"async\" width=\"1010\" height=\"1024\" src=\"https:\/\/johnallemann.ch\/wordpress\/wp-content\/uploads\/2020\/09\/P1020069-1010x1024.jpg\" alt=\"\" data-id=\"576\" data-full-url=\"https:\/\/johnallemann.ch\/wordpress\/wp-content\/uploads\/2020\/09\/P1020069.jpg\" data-link=\"http:\/\/johnallemann.ch\/p1020069\/\" class=\"wp-image-576\" srcset=\"https:\/\/johnallemann.ch\/wordpress\/wp-content\/uploads\/2020\/09\/P1020069-1010x1024.jpg 1010w, https:\/\/johnallemann.ch\/wordpress\/wp-content\/uploads\/2020\/09\/P1020069-296x300.jpg 296w, https:\/\/johnallemann.ch\/wordpress\/wp-content\/uploads\/2020\/09\/P1020069-768x779.jpg 768w, https:\/\/johnallemann.ch\/wordpress\/wp-content\/uploads\/2020\/09\/P1020069-1514x1536.jpg 1514w, https:\/\/johnallemann.ch\/wordpress\/wp-content\/uploads\/2020\/09\/P1020069-583x591.jpg 583w, https:\/\/johnallemann.ch\/wordpress\/wp-content\/uploads\/2020\/09\/P1020069.jpg 1747w\" sizes=\"auto, (max-width: 1010px) 100vw, 1010px\" \/><\/a><figcaption class=\"blocks-gallery-item__caption\">Libert\u00e9s No 239, Acryl sur toile, 90x90cm. CHF 4500.-<\/figcaption><\/figure><\/li><li class=\"blocks-gallery-item\"><figure><a href=\"https:\/\/johnallemann.ch\/wordpress\/wp-content\/uploads\/2020\/09\/Reflets-humains-No-237.jpg\"><img loading=\"lazy\" decoding=\"async\" width=\"1019\" height=\"1024\" src=\"https:\/\/johnallemann.ch\/wordpress\/wp-content\/uploads\/2020\/09\/Reflets-humains-No-237-1019x1024.jpg\" alt=\"\" data-id=\"575\" data-full-url=\"https:\/\/johnallemann.ch\/wordpress\/wp-content\/uploads\/2020\/09\/Reflets-humains-No-237.jpg\" data-link=\"http:\/\/johnallemann.ch\/reflets-humains-no-237\/\" class=\"wp-image-575\" srcset=\"https:\/\/johnallemann.ch\/wordpress\/wp-content\/uploads\/2020\/09\/Reflets-humains-No-237-1019x1024.jpg 1019w, https:\/\/johnallemann.ch\/wordpress\/wp-content\/uploads\/2020\/09\/Reflets-humains-No-237-300x300.jpg 300w, https:\/\/johnallemann.ch\/wordpress\/wp-content\/uploads\/2020\/09\/Reflets-humains-No-237-150x150.jpg 150w, https:\/\/johnallemann.ch\/wordpress\/wp-content\/uploads\/2020\/09\/Reflets-humains-No-237-768x772.jpg 768w, https:\/\/johnallemann.ch\/wordpress\/wp-content\/uploads\/2020\/09\/Reflets-humains-No-237-1528x1536.jpg 1528w, https:\/\/johnallemann.ch\/wordpress\/wp-content\/uploads\/2020\/09\/Reflets-humains-No-237-2038x2048.jpg 2038w, https:\/\/johnallemann.ch\/wordpress\/wp-content\/uploads\/2020\/09\/Reflets-humains-No-237-583x586.jpg 583w\" sizes=\"auto, (max-width: 1019px) 100vw, 1019px\" \/><\/a><figcaption class=\"blocks-gallery-item__caption\">Libert\u00e9s No 237, Acryl sur toile, 90x90cm. CHF 4500.-<\/figcaption><\/figure><\/li><li class=\"blocks-gallery-item\"><figure><a href=\"https:\/\/johnallemann.ch\/wordpress\/wp-content\/uploads\/2020\/09\/P1020523.jpg\"><img loading=\"lazy\" decoding=\"async\" width=\"816\" height=\"1024\" src=\"https:\/\/johnallemann.ch\/wordpress\/wp-content\/uploads\/2020\/09\/P1020523-816x1024.jpg\" alt=\"\" data-id=\"580\" data-full-url=\"https:\/\/johnallemann.ch\/wordpress\/wp-content\/uploads\/2020\/09\/P1020523.jpg\" data-link=\"http:\/\/johnallemann.ch\/p1020523\/\" class=\"wp-image-580\" srcset=\"https:\/\/johnallemann.ch\/wordpress\/wp-content\/uploads\/2020\/09\/P1020523-816x1024.jpg 816w, https:\/\/johnallemann.ch\/wordpress\/wp-content\/uploads\/2020\/09\/P1020523-239x300.jpg 239w, https:\/\/johnallemann.ch\/wordpress\/wp-content\/uploads\/2020\/09\/P1020523-768x964.jpg 768w, https:\/\/johnallemann.ch\/wordpress\/wp-content\/uploads\/2020\/09\/P1020523-1224x1536.jpg 1224w, https:\/\/johnallemann.ch\/wordpress\/wp-content\/uploads\/2020\/09\/P1020523-583x732.jpg 583w, https:\/\/johnallemann.ch\/wordpress\/wp-content\/uploads\/2020\/09\/P1020523.jpg 1356w\" sizes=\"auto, (max-width: 816px) 100vw, 816px\" \/><\/a><figcaption class=\"blocks-gallery-item__caption\">Libert\u00e9s No 271, Acryl sur toile, 50x40cm. CHF 1800.-<\/figcaption><\/figure><\/li><li class=\"blocks-gallery-item\"><figure><a href=\"https:\/\/johnallemann.ch\/wordpress\/wp-content\/uploads\/2020\/09\/Reflets-humains-No-257.jpg\"><img loading=\"lazy\" decoding=\"async\" width=\"1018\" height=\"1024\" src=\"https:\/\/johnallemann.ch\/wordpress\/wp-content\/uploads\/2020\/09\/Reflets-humains-No-257-1018x1024.jpg\" alt=\"\" data-id=\"579\" data-full-url=\"https:\/\/johnallemann.ch\/wordpress\/wp-content\/uploads\/2020\/09\/Reflets-humains-No-257.jpg\" data-link=\"http:\/\/johnallemann.ch\/reflets-humains-no-257\/\" class=\"wp-image-579\" srcset=\"https:\/\/johnallemann.ch\/wordpress\/wp-content\/uploads\/2020\/09\/Reflets-humains-No-257-1018x1024.jpg 1018w, https:\/\/johnallemann.ch\/wordpress\/wp-content\/uploads\/2020\/09\/Reflets-humains-No-257-298x300.jpg 298w, https:\/\/johnallemann.ch\/wordpress\/wp-content\/uploads\/2020\/09\/Reflets-humains-No-257-150x150.jpg 150w, https:\/\/johnallemann.ch\/wordpress\/wp-content\/uploads\/2020\/09\/Reflets-humains-No-257-768x773.jpg 768w, https:\/\/johnallemann.ch\/wordpress\/wp-content\/uploads\/2020\/09\/Reflets-humains-No-257-1527x1536.jpg 1527w, https:\/\/johnallemann.ch\/wordpress\/wp-content\/uploads\/2020\/09\/Reflets-humains-No-257-583x586.jpg 583w, https:\/\/johnallemann.ch\/wordpress\/wp-content\/uploads\/2020\/09\/Reflets-humains-No-257.jpg 1535w\" sizes=\"auto, (max-width: 1018px) 100vw, 1018px\" \/><\/a><figcaption class=\"blocks-gallery-item__caption\">Libert\u00e9s No 257, Acryl sur toile, 100x100cm. CHF 4900.-<\/figcaption><\/figure><\/li><li class=\"blocks-gallery-item\"><figure><a href=\"https:\/\/johnallemann.ch\/wordpress\/wp-content\/uploads\/2020\/09\/Reflets-humains-No-259-scaled.jpg\"><img loading=\"lazy\" decoding=\"async\" width=\"1024\" height=\"814\" src=\"https:\/\/johnallemann.ch\/wordpress\/wp-content\/uploads\/2020\/09\/Reflets-humains-No-259-1024x814.jpg\" alt=\"\" data-id=\"578\" data-full-url=\"https:\/\/johnallemann.ch\/wordpress\/wp-content\/uploads\/2020\/09\/Reflets-humains-No-259-scaled.jpg\" data-link=\"http:\/\/johnallemann.ch\/reflets-humains-no-259\/\" class=\"wp-image-578\" srcset=\"https:\/\/johnallemann.ch\/wordpress\/wp-content\/uploads\/2020\/09\/Reflets-humains-No-259-1024x814.jpg 1024w, https:\/\/johnallemann.ch\/wordpress\/wp-content\/uploads\/2020\/09\/Reflets-humains-No-259-300x239.jpg 300w, https:\/\/johnallemann.ch\/wordpress\/wp-content\/uploads\/2020\/09\/Reflets-humains-No-259-768x611.jpg 768w, https:\/\/johnallemann.ch\/wordpress\/wp-content\/uploads\/2020\/09\/Reflets-humains-No-259-1536x1221.jpg 1536w, https:\/\/johnallemann.ch\/wordpress\/wp-content\/uploads\/2020\/09\/Reflets-humains-No-259-2048x1629.jpg 2048w, https:\/\/johnallemann.ch\/wordpress\/wp-content\/uploads\/2020\/09\/Reflets-humains-No-259-583x464.jpg 583w\" sizes=\"auto, (max-width: 1024px) 100vw, 1024px\" \/><\/a><figcaption class=\"blocks-gallery-item__caption\">Libert\u00e9s No 259, Acryl sur toile, 80x100cm. CHF 4400.-<\/figcaption><\/figure><\/li><li class=\"blocks-gallery-item\"><figure><a href=\"https:\/\/johnallemann.ch\/wordpress\/wp-content\/uploads\/2020\/09\/P1020156.jpg\"><img loading=\"lazy\" decoding=\"async\" width=\"1024\" height=\"1003\" src=\"https:\/\/johnallemann.ch\/wordpress\/wp-content\/uploads\/2020\/09\/P1020156-1024x1003.jpg\" alt=\"\" data-id=\"577\" data-full-url=\"https:\/\/johnallemann.ch\/wordpress\/wp-content\/uploads\/2020\/09\/P1020156.jpg\" data-link=\"http:\/\/johnallemann.ch\/p1020156\/\" class=\"wp-image-577\" srcset=\"https:\/\/johnallemann.ch\/wordpress\/wp-content\/uploads\/2020\/09\/P1020156-1024x1003.jpg 1024w, https:\/\/johnallemann.ch\/wordpress\/wp-content\/uploads\/2020\/09\/P1020156-300x294.jpg 300w, https:\/\/johnallemann.ch\/wordpress\/wp-content\/uploads\/2020\/09\/P1020156-768x752.jpg 768w, https:\/\/johnallemann.ch\/wordpress\/wp-content\/uploads\/2020\/09\/P1020156-1536x1504.jpg 1536w, https:\/\/johnallemann.ch\/wordpress\/wp-content\/uploads\/2020\/09\/P1020156-583x571.jpg 583w, https:\/\/johnallemann.ch\/wordpress\/wp-content\/uploads\/2020\/09\/P1020156.jpg 1773w\" sizes=\"auto, (max-width: 1024px) 100vw, 1024px\" \/><\/a><figcaption class=\"blocks-gallery-item__caption\">Libert\u00e9s No 255, Acryl sur toile, 60x60cm. Collection priv\u00e9e<\/figcaption><\/figure><\/li><\/ul><\/figure>\n\n\n\n<p><\/p>\n","protected":false},"excerpt":{"rendered":"<p>Les \u00abReflets humains\u00bb &nbsp;suite de la s\u00e9rie sur papier et \u00e9voluant vers&nbsp;un concept de LIBERT\u00c9S avec un besoin d\u2019espace, ont pass\u00e9s du papier \u00e0 la toile,&nbsp;permettant ainsi une autre dimension picturale. &nbsp;<\/p>\n","protected":false},"author":1,"featured_media":0,"parent":8,"menu_order":1,"comment_status":"closed","ping_status":"closed","template":"no-sidebar.php","meta":{"footnotes":""},"class_list":["post-242","page","type-page","status-publish","hentry"],"_links":{"self":[{"href":"https:\/\/johnallemann.ch\/wordpress\/wp-json\/wp\/v2\/pages\/242","targetHints":{"allow":["GET"]}}],"collection":[{"href":"https:\/\/johnallemann.ch\/wordpress\/wp-json\/wp\/v2\/pages"}],"about":[{"href":"https:\/\/johnallemann.ch\/wordpress\/wp-json\/wp\/v2\/types\/page"}],"author":[{"embeddable":true,"href":"https:\/\/johnallemann.ch\/wordpress\/wp-json\/wp\/v2\/users\/1"}],"replies":[{"embeddable":true,"href":"https:\/\/johnallemann.ch\/wordpress\/wp-json\/wp\/v2\/comments?post=242"}],"version-history":[{"count":23,"href":"https:\/\/johnallemann.ch\/wordpress\/wp-json\/wp\/v2\/pages\/242\/revisions"}],"predecessor-version":[{"id":833,"href":"https:\/\/johnallemann.ch\/wordpress\/wp-json\/wp\/v2\/pages\/242\/revisions\/833"}],"up":[{"embeddable":true,"href":"https:\/\/johnallemann.ch\/wordpress\/wp-json\/wp\/v2\/pages\/8"}],"wp:attachment":[{"href":"https:\/\/johnallemann.ch\/wordpress\/wp-json\/wp\/v2\/media?parent=242"}],"curies":[{"name":"wp","href":"https:\/\/api.w.org\/{rel}","templated":true}]}}